{"version":"1.0","provider_name":"Gavra","provider_url":"https:\/\/gavra.be\/fr","title":"\u00c9quilibre entre lumi\u00e8re et mati\u00e8re - Gavra","type":"rich","width":600,"height":338,"html":"<blockquote class=\"wp-embedded-content\" data-secret=\"MpXfaBBxN2\"><a href=\"https:\/\/gavra.be\/fr\/inspiration\/luca-matera\">\u00c9quilibre entre lumi\u00e8re et mati\u00e8re<\/a><\/blockquote><iframe sandbox=\"allow-scripts\" security=\"restricted\" src=\"https:\/\/gavra.be\/fr\/inspiration\/luca-matera\/embed#?secret=MpXfaBBxN2\" width=\"600\" height=\"338\" title=\"\u00ab\u00a0\u00c9quilibre entre lumi\u00e8re et mati\u00e8re\u00a0\u00bb &#8212; Gavra\" data-secret=\"MpXfaBBxN2\" frameborder=\"0\" marginwidth=\"0\" marginheight=\"0\" scrolling=\"no\" class=\"wp-embedded-content\"><\/iframe><script type=\"text\/javascript\">\n\/* <![CDATA[ *\/\n\/*! This file is auto-generated *\/\n!function(d,l){\"use strict\";l.querySelector&&d.addEventListener&&\"undefined\"!=typeof URL&&(d.wp=d.wp||{},d.wp.receiveEmbedMessage||(d.wp.receiveEmbedMessage=function(e){var t=e.data;if((t||t.secret||t.message||t.value)&&!\/[^a-zA-Z0-9]\/.test(t.secret)){for(var s,r,n,a=l.querySelectorAll('iframe[data-secret=\"'+t.secret+'\"]'),o=l.querySelectorAll('blockquote[data-secret=\"'+t.secret+'\"]'),c=new RegExp(\"^https?:$\",\"i\"),i=0;i<o.length;i++)o[i].style.display=\"none\";for(i=0;i<a.length;i++)s=a[i],e.source===s.contentWindow&&(s.removeAttribute(\"style\"),\"height\"===t.message?(1e3<(r=parseInt(t.value,10))?r=1e3:~~r<200&&(r=200),s.height=r):\"link\"===t.message&&(r=new URL(s.getAttribute(\"src\")),n=new URL(t.value),c.test(n.protocol))&&n.host===r.host&&l.activeElement===s&&(d.top.location.href=t.value))}},d.addEventListener(\"message\",d.wp.receiveEmbedMessage,!1),l.addEventListener(\"DOMContentLoaded\",function(){for(var e,t,s=l.querySelectorAll(\"iframe.wp-embedded-content\"),r=0;r<s.length;r++)(t=(e=s[r]).getAttribute(\"data-secret\"))||(t=Math.random().toString(36).substring(2,12),e.src+=\"#?secret=\"+t,e.setAttribute(\"data-secret\",t)),e.contentWindow.postMessage({message:\"ready\",secret:t},\"*\")},!1)))}(window,document);\n\/\/# sourceURL=https:\/\/gavra.be\/wp-includes\/js\/wp-embed.min.js\n\/* ]]> *\/\n<\/script>\n","thumbnail_url":"https:\/\/gavra.be\/wp-content\/uploads\/2026\/02\/Ek_Magazine25_In_Out_Pietraviva_Ivory_HR_COVER-scaled.jpg","thumbnail_width":1810,"thumbnail_height":2560,"description":"L\u00faca Matera\u00a0a \u00e9t\u00e9 d\u00e9velopp\u00e9 pour les concepteurs qui regardent au-del\u00e0 de la simple finition. C\u2019est un mat\u00e9riau qui ne se contente pas d\u2019habiller les espaces, mais leur conf\u00e8re du caract\u00e8re. Il capte la lumi\u00e8re, cr\u00e9e de la profondeur et apporte une s\u00e9r\u00e9nit\u00e9 naturelle \u00e0 l\u2019architecture contemporaine."}