{"id":1157,"date":"2024-10-16T09:43:52","date_gmt":"2024-10-16T07:43:52","guid":{"rendered":"https:\/\/gavra.be\/inspiratie\/de-5-vloertrends-voor-2025\/"},"modified":"2024-10-21T14:58:17","modified_gmt":"2024-10-21T12:58:17","slug":"5-tendances-en-revetement-de-sol-2025","status":"publish","type":"inspiratie","link":"https:\/\/gavra.be\/fr\/inspiration\/5-tendances-en-revetement-de-sol-2025","title":{"rendered":"Les 5 tendances en rev\u00eatement de sol pour 2025"},"content":{"rendered":"<section id=\"header_small\" data-aos=\"fade-up\">\n\t<div class=\"wrap\">\n\t\t<div class=\"image\"><img decoding=\"async\" src=\"\" alt=\"\"><\/div><div class=\"container\"><div class=\"content\"><h2>Les 5 tendances en rev\u00eatement de sol pour 2025<\/h2><\/div><\/div>\t<\/div>\n<\/section>\n\n\n<div class=\"wp-block-media-text has-media-on-the-right is-stacked-on-mobile is-image-fill\"><div class=\"wp-block-media-text__content\">\n<p><strong>Vous projetez de relooker votre int\u00e9rieur\u2009? Nul doute que vous \u00eates alors curieux de d\u00e9couvrir les derni\u00e8res tendances en mati\u00e8re de rev\u00eatement de sol. Le mill\u00e9sime 2025 fera la part belle aux classiques intemporels et aux concepts innovants. Des incontournables chevrons aux carrelages XXL futuristes, il y en aura pour tous les go\u00fbts.   <\/strong><\/p>\n\n\n\n<h2 class=\"wp-block-heading\">1. Le terrazzo et le chevron, de grands classiques<\/h2>\n\n\n\n<p>Certains classiques ne se d\u00e9modent jamais, comme en t\u00e9moignent la pose en chevron et le terrazzo. Le premier motif s\u2019\u00e9rige en valeur s\u00fbre depuis plusieurs ann\u00e9es d\u00e9j\u00e0 et restera en t\u00eate des tendances en 2025. Ce sol apporte d\u2019embl\u00e9e une note d\u2019\u00e9l\u00e9gance et de luxe, que vous le choisissiez traditionnel ou pr\u00e9f\u00e9riez jongler avec diff\u00e9rents coloris et variations comme le point de Hongrie.  <\/p>\n\n\n\n<p>Le terrazzo, m\u00e9lange vibrant et souvent haut en couleur de marbre, quartz, granit et verre sur une base de ciment, conna\u00eet lui aussi un vif int\u00e9r\u00eat. Durable, polyvalent et ludique, il trouve sa place dans pratiquement toutes les pi\u00e8ces et convient \u00e0 tous les styles de vie. \u00c0 la cl\u00e9\u2009? Un sol aux allures de mosa\u00efque de confettis\u2009!  <\/p>\n<\/div><figure class=\"wp-block-media-text__media\" style=\"background-image:url(https:\/\/gavra.be\/wp-content\/uploads\/2024\/10\/vasari-marfil-y-tortola-257-1024x683.jpg);background-position:56% 59%\"><img decoding=\"async\" width=\"1024\" height=\"683\" src=\"https:\/\/gavra.be\/wp-content\/uploads\/2024\/10\/vasari-marfil-y-tortola-257-1024x683.jpg\" alt=\"\" class=\"wp-image-783 size-full\" srcset=\"https:\/\/gavra.be\/wp-content\/uploads\/2024\/10\/vasari-marfil-y-tortola-257-1024x683.jpg 1024w, https:\/\/gavra.be\/wp-content\/uploads\/2024\/10\/vasari-marfil-y-tortola-257-300x200.jpg 300w, https:\/\/gavra.be\/wp-content\/uploads\/2024\/10\/vasari-marfil-y-tortola-257-768x513.jpg 768w, https:\/\/gavra.be\/wp-content\/uploads\/2024\/10\/vasari-marfil-y-tortola-257-1536x1025.jpg 1536w, https:\/\/gavra.be\/wp-content\/uploads\/2024\/10\/vasari-marfil-y-tortola-257-2048x1367.jpg 2048w\" sizes=\"(max-width: 1024px) 100vw, 1024px\" \/><\/figure><\/div>\n\n\n\n\t<section id=\"text_image_bg\" data-aos=\"fade-up\" class=\"Gavra_Beige\">\n\t<div class=\"container\">\n\t\t\t\t\t\t<div class=\"image full\" data-aos=\"fade-right\">\n\t\t\t\t\t\t<img decoding=\"async\" src=\"https:\/\/gavra.be\/wp-content\/uploads\/2024\/10\/LEA-anthology-still-life-colori-001-scaled.jpg\" alt=\"LEA-anthology-still-life-colori-001\">\t\t<\/div>\n\t\t\t<div class=\"content\" data-aos=\"fade-left\">\n\t\t\t\t<h2>2. Une note color\u00e9e dans votre int\u00e9rieur<\/h2>\n<p>En 2025, votre int\u00e9rieur attirera tous les regards gr\u00e2ce au mix entre tons vifs et couleurs de base claires comme le beige ou le gris. Ajoutez des n\u00e9ons et des accessoires aux formes originales pour cr\u00e9er un espace \u00e0 la fois cosy et branch\u00e9. Cette tendance touchera aussi les carrelages : les carreaux aux accents color\u00e9s et les cr\u00e9dences des salles de bain ou des cuisines s\u2019y inscrivent parfaitement. Trouvez l\u2019inspiration du c\u00f4t\u00e9 de nos carrelages CERATONE.    <\/p>\n<h2>3. Les carrelages imitation travertin : luxe naturel et praticit\u00e9<\/h2>\n<p>Les carrelages en c\u00e9ramique \u00e0 effet travertin vous r\u00e9servent le meilleur des deux mondes. Ils allient le charme brut des couleurs terreuses \u00e0 la simplicit\u00e9 d\u2019entretien. Succombez au charme du design \u00e0 l\u2019italienne de ces carrelages dot\u00e9s de nuances subtiles et de marbrures caract\u00e9ristiques. Ils conviendront \u00e0 tous les int\u00e9rieurs, classiques ou modernes. D\u00e9couvrez cette tendance avec nos carrelages L\u00faca\u2009!    <\/p>\n\t\t<\/div>\n\t<\/div>\n<\/section>\n\n<section id=\"columnns\" data-aos=\"fade-up\">\n\t<div class=\"container\">\n\t\t<div class=\"column_2\"><h2 data-aos=\"fade-up\">4. Quand le minimalisme japonais rencontre le charme scandinave<\/h2><div class=\"column\" data-aos=\"fade-up\"><p>L\u2019ann\u00e9e \u00e0 venir conjuguera le meilleur du Japon et de la Scandinavie : formes organiques, lumi\u00e8re tamis\u00e9e et palette de tons beiges et de nuances pastel. Sans oublier les essences de bois claires et les sols \u00e9pur\u00e9s. Vous souhaitez cr\u00e9er un look minimaliste, mais chaleureux\u2009? Un seul mot d\u2019ordre : less is more. Cette tendance en est la meilleure preuve.     <\/p>\n<\/div><\/div>\t<\/div>\n<\/section>\n\n<section id=\"slider_image\" data-aos=\"fade-up\">\n\t<div class=\"container\">\n\t\t<div class=\"inleiding\">\n\t\t\t\t\t<\/div>\n\t\t\t\t\t<div class=\"gallery-items\">\n\t\t\t\t<div class=\"gallery-item\" data-aos=\"fade-up\"><img decoding=\"async\" src=\"https:\/\/gavra.be\/wp-content\/uploads\/2024\/09\/Sfeerbeeld-Luca-2.jpg\" alt=\"Sfeerbeeld-Lu\u0301ca-2\"><\/div><div class=\"gallery-item\" data-aos=\"fade-up\"><img decoding=\"async\" src=\"https:\/\/gavra.be\/wp-content\/uploads\/2024\/09\/Sfeerbeeld-Luca-5.jpg\" alt=\"Sfeerbeeld-Lu\u0301ca-5\"><\/div><div class=\"gallery-item\" data-aos=\"fade-up\"><img decoding=\"async\" src=\"https:\/\/gavra.be\/wp-content\/uploads\/2024\/09\/Sfeerbeeld-Luca-6.jpg\" alt=\"Sfeerbeeld-Lu\u0301ca-6\"><\/div><div class=\"gallery-item\" data-aos=\"fade-up\"><img decoding=\"async\" src=\"https:\/\/gavra.be\/wp-content\/uploads\/2024\/09\/Sfeerbeeld-Luca-10.jpg\" alt=\"Sfeerbeeld-Lu\u0301ca-10\"><\/div>\t\t\t<\/div>\n\t\t\t<\/div>\n<\/section>\n\n\n<section id=\"columnns\" data-aos=\"fade-up\">\n\t<div class=\"container\">\n\t\t<div class=\"column_1\"><h2 data-aos=\"fade-up\">5. Carrelages XXL : un format et un style qui en imposent<\/h2><div class=\"column\" data-aos=\"fade-up\"><p>Les carrelages en c\u00e9ramique XXL continueront \u00e0 faire fureur en 2025. Ces immenses carreaux aux joints tr\u00e8s fins inspirent la s\u00e9r\u00e9nit\u00e9 et l\u2019\u00e9l\u00e9gance. Le gros avantage\u2009? La finesse des joints agrandit visuellement l\u2019espace. Un atout de taille qui vous donnera l\u2019impression de marcher sur une toile sans fin.    <\/p>\n<\/div><\/div>\t<\/div>\n<\/section>\n\n\n<figure class=\"wp-block-image size-full\"><img decoding=\"async\" width=\"1500\" height=\"1050\" src=\"https:\/\/gavra.be\/wp-content\/uploads\/2024\/09\/Luca-Moon-Stone.jpg\" alt=\"\" class=\"wp-image-383\" srcset=\"https:\/\/gavra.be\/wp-content\/uploads\/2024\/09\/Luca-Moon-Stone.jpg 1500w, https:\/\/gavra.be\/wp-content\/uploads\/2024\/09\/Luca-Moon-Stone-300x210.jpg 300w, https:\/\/gavra.be\/wp-content\/uploads\/2024\/09\/Luca-Moon-Stone-1024x717.jpg 1024w, https:\/\/gavra.be\/wp-content\/uploads\/2024\/09\/Luca-Moon-Stone-768x538.jpg 768w\" sizes=\"(max-width: 1500px) 100vw, 1500px\" \/><\/figure>\n\n\n\n<section id=\"brochure\" class=\"Standaard\" data-aos=\"fade-up\">\n\t<div class=\"image\" data-aos=\"fade-right\">\n\t\t<img decoding=\"async\" src=\"https:\/\/gavra.be\/wp-content\/uploads\/2024\/09\/Catalogus-L-C.jpg\" alt=\"Catalogus-L-&#038;-C\">\t<\/div>\n\t<div class=\"form\" data-aos=\"fade-left\">\n\t\t<div class=\"frm_forms  with_frm_style frm_style_formidable-style\" id=\"frm_form_8_container\" data-token=\"cf2ad73ac5c27114e1c33438a020ad58\">\n<form enctype=\"multipart\/form-data\" method=\"post\" class=\"frm-show-form  frm_pro_form \" id=\"form_outdoor-catalogus2\" data-token=\"cf2ad73ac5c27114e1c33438a020ad58\">\n<div class=\"frm_form_fields \">\n<fieldset>\n<legend class=\"frm_screen_reader\">Outdoor catalogus<\/legend>\r\n\r\n<div class=\"frm_fields_container\">\n<input type=\"hidden\" name=\"frm_action\" value=\"create\" \/>\n<input type=\"hidden\" name=\"form_id\" value=\"8\" \/>\n<input type=\"hidden\" name=\"frm_hide_fields_8\" id=\"frm_hide_fields_8\" value=\"\" \/>\n<input type=\"hidden\" name=\"form_key\" value=\"outdoor-catalogus2\" \/>\n<input type=\"hidden\" name=\"item_meta[0]\" value=\"\" \/>\n<input type=\"hidden\" id=\"frm_submit_entry_8\" name=\"frm_submit_entry_8\" value=\"4503f9bc30\" \/><input type=\"hidden\" name=\"_wp_http_referer\" value=\"\/fr\/wp-json\/wp\/v2\/inspiratie\/1157\" \/><div id=\"frm_field_50_container\" class=\"frm_form_field  frm_html_container form-field\">\n<h2><b>Cr\u00e9ez votre terrasse d\u2019exception<\/b><\/h2>\n<p><span style=\"font-weight: 400;\">Am\u00e9nagez une terrasse qui s\u2019inscrit dans le prolongement de votre maison. Nos carrelages raffin\u00e9s en c\u00e9ramique sublimeront \u00e0 merveille votre int\u00e9rieur. T\u00e9l\u00e9chargez notre brochure d\u2019ext\u00e9rieur pour trouver l\u2019inspiration.<\/span><\/p>\n<\/div>\n<div id=\"frm_field_51_container\" class=\"frm_form_field form-field  frm_required_field frm_top_container\">\r\n\t<label for=\"field_ax58w5\" id=\"field_ax58w5_label\" class=\"frm_primary_label\">Pr\u00e9nom\r\n\t\t<span class=\"frm_required\" aria-hidden=\"true\">*<\/span>\r\n\t<\/label>\r\n\t<input  type=\"text\" id=\"field_ax58w5\" name=\"item_meta[51]\" value=\"\"  data-reqmsg=\"Pr\u00e9nom mag niet leeg zijn.\" aria-required=\"true\" data-invmsg=\"Pr\u00e9nom is ongeldig\" aria-invalid=\"false\"   \/>\r\n\t\r\n\t\r\n<\/div>\n<div id=\"frm_field_52_container\" class=\"frm_form_field form-field  frm_required_field frm_top_container\">\r\n\t<label for=\"field_6en0o5\" id=\"field_6en0o5_label\" class=\"frm_primary_label\">Nom\r\n\t\t<span class=\"frm_required\" aria-hidden=\"true\">*<\/span>\r\n\t<\/label>\r\n\t<input  type=\"text\" id=\"field_6en0o5\" name=\"item_meta[52]\" value=\"\"  data-reqmsg=\"Nom mag niet leeg zijn.\" aria-required=\"true\" data-invmsg=\"Nom is ongeldig\" aria-invalid=\"false\"   \/>\r\n\t\r\n\t\r\n<\/div>\n<div id=\"frm_field_53_container\" class=\"frm_form_field form-field  frm_required_field frm_top_container\">\r\n\t<label for=\"field_swejp5\" id=\"field_swejp5_label\" class=\"frm_primary_label\">E-mail\r\n\t\t<span class=\"frm_required\" aria-hidden=\"true\">*<\/span>\r\n\t<\/label>\r\n\t<input type=\"email\" id=\"field_swejp5\" name=\"item_meta[53]\" value=\"\"  autocomplete=\"email\"  data-reqmsg=\"E-mail mag niet leeg zijn.\" aria-required=\"true\" data-invmsg=\"E-mail is ongeldig\" aria-invalid=\"false\"  \/>\r\n\t\r\n\t\r\n<\/div>\n<div id=\"frm_field_54_container\" class=\"frm_form_field form-field  frm_required_field frm_none_container vertical_radio\">\r\n\t<div  id=\"field_btiph5_label\" class=\"frm_primary_label\">RGPD\r\n\t\t<span class=\"frm_required\" aria-hidden=\"true\">*<\/span>\r\n\t<\/div>\r\n\t<div class=\"frm_opt_container\" aria-labelledby=\"field_btiph5_label\" role=\"group\">\t\t<div class=\"frm_checkbox\" id=\"frm_checkbox_54-0\">\t\t\t<label  for=\"field_btiph5-0\">\n\t\t\t<input type=\"checkbox\" name=\"item_meta[54][]\" id=\"field_btiph5-0\" value=\"J&#039;accepte &lt;a href=&quot;https:\/\/gavra.be\/fr\/conditions-generales\/&quot;&gt;les conditions&lt;\/a&gt;\"  data-reqmsg=\"RGPD mag niet leeg zijn.\" data-invmsg=\"RGPD est non valide\"   aria-required=\"true\"  \/> J&rsquo;accepte <a href=\"https:\/\/gavra.be\/fr\/conditions-generales\/\">les conditions<\/a><\/label><\/div>\n<\/div>\r\n\t\r\n\t\r\n<\/div>\n<div id=\"frm_field_55_container\" class=\"frm_form_field form-field \">\r\n\t<div class=\"frm_submit frm_flex\">\r\n<button class=\"frm_button_submit frm_final_submit\" type=\"submit\"   formnovalidate=\"formnovalidate\">T\u00e9l\u00e9chargez<\/button>\r\n\r\n\r\n\r\n<\/div>\r\n<\/div>\n<div id=\"frm_field_71_container\" class=\"frm_form_field form-field  frm_none_container\">\r\n\t<label for=\"g-recaptcha-response\" id=\"field_b2mq7_label\" class=\"frm_primary_label\">Captcha\r\n\t\t<span class=\"frm_required\" aria-hidden=\"true\"><\/span>\r\n\t<\/label>\r\n\t<div  id=\"field_b2mq7\" class=\"frm-g-recaptcha\" data-sitekey=\"6LdkwmoqAAAAAPUklD5_iKpjtEgrujXWrV83uMbT\" data-size=\"invisible\" data-theme=\"light\"><\/div>\r\n\t\r\n\t\r\n<\/div>\n\t<input type=\"hidden\" name=\"item_key\" value=\"\" \/>\n\t\t\t<div id=\"frm_field_90_container\">\n\t\t\t<label for=\"field_tzbt6\" >\n\t\t\t\tSi vous \u00eates un humain, ne remplissez pas ce champ.\t\t\t<\/label>\n\t\t\t<input  id=\"field_tzbt6\" type=\"text\" class=\"frm_form_field form-field frm_verify\" name=\"item_meta[90]\" value=\"\"  \/>\n\t\t<\/div>\n\t\t<input name=\"frm_state\" type=\"hidden\" value=\"SdnGHhP989Dcm0AN9hyHt5VfgpHe9gvp22JISLkg0gwDmovTLbRzSbvV3aAGIz9I\" \/><\/div>\n<\/fieldset>\n<\/div>\n\n<\/form>\n<\/div>\n\t<\/div>\n<\/section>","protected":false},"featured_media":972,"template":"","meta":{"_acf_changed":false,"footnotes":""},"tags":[21],"class_list":["post-1157","inspiratie","type-inspiratie","status-publish","has-post-thumbnail","hentry","tag-blogs-fr"],"acf":[],"yoast_head":"<!-- This site is optimized with the Yoast SEO plugin v27.4 - https:\/\/yoast.com\/product\/yoast-seo-wordpress\/ -->\n<title>Les 5 tendances en rev\u00eatement de sol pour 2025 - Gavra<\/title>\n<meta name=\"robots\" content=\"index, follow, max-snippet:-1, max-image-preview:large, max-video-preview:-1\" \/>\n<link rel=\"canonical\" href=\"https:\/\/gavra.be\/fr\/inspiration\/5-tendances-en-revetement-de-sol-2025\" \/>\n<meta property=\"og:locale\" content=\"fr_FR\" \/>\n<meta property=\"og:type\" content=\"article\" \/>\n<meta property=\"og:title\" content=\"Les 5 tendances en rev\u00eatement de sol pour 2025 - Gavra\" \/>\n<meta property=\"og:description\" content=\"Vous projetez de relooker votre int\u00e9rieur\u2009? Nul doute que vous \u00eates alors curieux de d\u00e9couvrir les derni\u00e8res tendances en mati\u00e8re de rev\u00eatement de sol. Le mill\u00e9sime 2025 fera la part belle aux classiques intemporels et aux concepts innovants. Des incontournables chevrons aux carrelages XXL futuristes, il y en aura pour tous les go\u00fbts. 1. Le [&hellip;]\" \/>\n<meta property=\"og:url\" content=\"https:\/\/gavra.be\/fr\/inspiration\/5-tendances-en-revetement-de-sol-2025\" \/>\n<meta property=\"og:site_name\" content=\"Gavra\" \/>\n<meta property=\"article:modified_time\" content=\"2024-10-21T12:58:17+00:00\" \/>\n<meta property=\"og:image\" content=\"https:\/\/gavra.be\/wp-content\/uploads\/2024\/09\/Sfeerbeeld-Luca-11.jpg\" \/>\n\t<meta property=\"og:image:width\" content=\"1500\" \/>\n\t<meta property=\"og:image:height\" content=\"1875\" \/>\n\t<meta property=\"og:image:type\" content=\"image\/jpeg\" \/>\n<meta name=\"twitter:card\" content=\"summary_large_image\" \/>\n<meta name=\"twitter:label1\" content=\"Dur\u00e9e de lecture estim\u00e9e\" \/>\n\t<meta name=\"twitter:data1\" content=\"2 minutes\" \/>\n<script type=\"application\/ld+json\" class=\"yoast-schema-graph\">{\"@context\":\"https:\\\/\\\/schema.org\",\"@graph\":[{\"@type\":\"WebPage\",\"@id\":\"https:\\\/\\\/gavra.be\\\/fr\\\/inspiration\\\/5-tendances-en-revetement-de-sol-2025\",\"url\":\"https:\\\/\\\/gavra.be\\\/fr\\\/inspiration\\\/5-tendances-en-revetement-de-sol-2025\",\"name\":\"Les 5 tendances en rev\u00eatement de sol pour 2025 - Gavra\",\"isPartOf\":{\"@id\":\"https:\\\/\\\/gavra.be\\\/fr#website\"},\"primaryImageOfPage\":{\"@id\":\"https:\\\/\\\/gavra.be\\\/fr\\\/inspiration\\\/5-tendances-en-revetement-de-sol-2025#primaryimage\"},\"image\":{\"@id\":\"https:\\\/\\\/gavra.be\\\/fr\\\/inspiration\\\/5-tendances-en-revetement-de-sol-2025#primaryimage\"},\"thumbnailUrl\":\"https:\\\/\\\/gavra.be\\\/wp-content\\\/uploads\\\/2024\\\/09\\\/Sfeerbeeld-Luca-11.jpg\",\"datePublished\":\"2024-10-16T07:43:52+00:00\",\"dateModified\":\"2024-10-21T12:58:17+00:00\",\"breadcrumb\":{\"@id\":\"https:\\\/\\\/gavra.be\\\/fr\\\/inspiration\\\/5-tendances-en-revetement-de-sol-2025#breadcrumb\"},\"inLanguage\":\"fr-FR\",\"potentialAction\":[{\"@type\":\"ReadAction\",\"target\":[\"https:\\\/\\\/gavra.be\\\/fr\\\/inspiration\\\/5-tendances-en-revetement-de-sol-2025\"]}]},{\"@type\":\"ImageObject\",\"inLanguage\":\"fr-FR\",\"@id\":\"https:\\\/\\\/gavra.be\\\/fr\\\/inspiration\\\/5-tendances-en-revetement-de-sol-2025#primaryimage\",\"url\":\"https:\\\/\\\/gavra.be\\\/wp-content\\\/uploads\\\/2024\\\/09\\\/Sfeerbeeld-Luca-11.jpg\",\"contentUrl\":\"https:\\\/\\\/gavra.be\\\/wp-content\\\/uploads\\\/2024\\\/09\\\/Sfeerbeeld-Luca-11.jpg\",\"width\":1500,\"height\":1875},{\"@type\":\"BreadcrumbList\",\"@id\":\"https:\\\/\\\/gavra.be\\\/fr\\\/inspiration\\\/5-tendances-en-revetement-de-sol-2025#breadcrumb\",\"itemListElement\":[{\"@type\":\"ListItem\",\"position\":1,\"name\":\"Home\",\"item\":\"https:\\\/\\\/gavra.be\\\/fr\"},{\"@type\":\"ListItem\",\"position\":2,\"name\":\"Les 5 tendances en rev\u00eatement de sol pour 2025\"}]},{\"@type\":\"WebSite\",\"@id\":\"https:\\\/\\\/gavra.be\\\/fr#website\",\"url\":\"https:\\\/\\\/gavra.be\\\/fr\",\"name\":\"Gavra\",\"description\":\"\",\"potentialAction\":[{\"@type\":\"SearchAction\",\"target\":{\"@type\":\"EntryPoint\",\"urlTemplate\":\"https:\\\/\\\/gavra.be\\\/fr?s={search_term_string}\"},\"query-input\":{\"@type\":\"PropertyValueSpecification\",\"valueRequired\":true,\"valueName\":\"search_term_string\"}}],\"inLanguage\":\"fr-FR\"}]}<\/script>\n<!-- \/ Yoast SEO plugin. -->","yoast_head_json":{"title":"Les 5 tendances en rev\u00eatement de sol pour 2025 - Gavra","robots":{"index":"index","follow":"follow","max-snippet":"max-snippet:-1","max-image-preview":"max-image-preview:large","max-video-preview":"max-video-preview:-1"},"canonical":"https:\/\/gavra.be\/fr\/inspiration\/5-tendances-en-revetement-de-sol-2025","og_locale":"fr_FR","og_type":"article","og_title":"Les 5 tendances en rev\u00eatement de sol pour 2025 - Gavra","og_description":"Vous projetez de relooker votre int\u00e9rieur\u2009? Nul doute que vous \u00eates alors curieux de d\u00e9couvrir les derni\u00e8res tendances en mati\u00e8re de rev\u00eatement de sol. Le mill\u00e9sime 2025 fera la part belle aux classiques intemporels et aux concepts innovants. Des incontournables chevrons aux carrelages XXL futuristes, il y en aura pour tous les go\u00fbts. 1. Le [&hellip;]","og_url":"https:\/\/gavra.be\/fr\/inspiration\/5-tendances-en-revetement-de-sol-2025","og_site_name":"Gavra","article_modified_time":"2024-10-21T12:58:17+00:00","og_image":[{"width":1500,"height":1875,"url":"https:\/\/gavra.be\/wp-content\/uploads\/2024\/09\/Sfeerbeeld-Luca-11.jpg","type":"image\/jpeg"}],"twitter_card":"summary_large_image","twitter_misc":{"Dur\u00e9e de lecture estim\u00e9e":"2 minutes"},"schema":{"@context":"https:\/\/schema.org","@graph":[{"@type":"WebPage","@id":"https:\/\/gavra.be\/fr\/inspiration\/5-tendances-en-revetement-de-sol-2025","url":"https:\/\/gavra.be\/fr\/inspiration\/5-tendances-en-revetement-de-sol-2025","name":"Les 5 tendances en rev\u00eatement de sol pour 2025 - Gavra","isPartOf":{"@id":"https:\/\/gavra.be\/fr#website"},"primaryImageOfPage":{"@id":"https:\/\/gavra.be\/fr\/inspiration\/5-tendances-en-revetement-de-sol-2025#primaryimage"},"image":{"@id":"https:\/\/gavra.be\/fr\/inspiration\/5-tendances-en-revetement-de-sol-2025#primaryimage"},"thumbnailUrl":"https:\/\/gavra.be\/wp-content\/uploads\/2024\/09\/Sfeerbeeld-Luca-11.jpg","datePublished":"2024-10-16T07:43:52+00:00","dateModified":"2024-10-21T12:58:17+00:00","breadcrumb":{"@id":"https:\/\/gavra.be\/fr\/inspiration\/5-tendances-en-revetement-de-sol-2025#breadcrumb"},"inLanguage":"fr-FR","potentialAction":[{"@type":"ReadAction","target":["https:\/\/gavra.be\/fr\/inspiration\/5-tendances-en-revetement-de-sol-2025"]}]},{"@type":"ImageObject","inLanguage":"fr-FR","@id":"https:\/\/gavra.be\/fr\/inspiration\/5-tendances-en-revetement-de-sol-2025#primaryimage","url":"https:\/\/gavra.be\/wp-content\/uploads\/2024\/09\/Sfeerbeeld-Luca-11.jpg","contentUrl":"https:\/\/gavra.be\/wp-content\/uploads\/2024\/09\/Sfeerbeeld-Luca-11.jpg","width":1500,"height":1875},{"@type":"BreadcrumbList","@id":"https:\/\/gavra.be\/fr\/inspiration\/5-tendances-en-revetement-de-sol-2025#breadcrumb","itemListElement":[{"@type":"ListItem","position":1,"name":"Home","item":"https:\/\/gavra.be\/fr"},{"@type":"ListItem","position":2,"name":"Les 5 tendances en rev\u00eatement de sol pour 2025"}]},{"@type":"WebSite","@id":"https:\/\/gavra.be\/fr#website","url":"https:\/\/gavra.be\/fr","name":"Gavra","description":"","potentialAction":[{"@type":"SearchAction","target":{"@type":"EntryPoint","urlTemplate":"https:\/\/gavra.be\/fr?s={search_term_string}"},"query-input":{"@type":"PropertyValueSpecification","valueRequired":true,"valueName":"search_term_string"}}],"inLanguage":"fr-FR"}]}},"_links":{"self":[{"href":"https:\/\/gavra.be\/fr\/wp-json\/wp\/v2\/inspiratie\/1157","targetHints":{"allow":["GET"]}}],"collection":[{"href":"https:\/\/gavra.be\/fr\/wp-json\/wp\/v2\/inspiratie"}],"about":[{"href":"https:\/\/gavra.be\/fr\/wp-json\/wp\/v2\/types\/inspiratie"}],"version-history":[{"count":3,"href":"https:\/\/gavra.be\/fr\/wp-json\/wp\/v2\/inspiratie\/1157\/revisions"}],"predecessor-version":[{"id":1199,"href":"https:\/\/gavra.be\/fr\/wp-json\/wp\/v2\/inspiratie\/1157\/revisions\/1199"}],"wp:featuredmedia":[{"embeddable":true,"href":"https:\/\/gavra.be\/fr\/wp-json\/wp\/v2\/media\/972"}],"wp:attachment":[{"href":"https:\/\/gavra.be\/fr\/wp-json\/wp\/v2\/media?parent=1157"}],"wp:term":[{"taxonomy":"post_tag","embeddable":true,"href":"https:\/\/gavra.be\/fr\/wp-json\/wp\/v2\/tags?post=1157"}],"curies":[{"name":"wp","href":"https:\/\/api.w.org\/{rel}","templated":true}]}}