{"id":3168,"date":"2025-08-26T01:16:04","date_gmt":"2025-08-25T23:16:04","guid":{"rendered":"https:\/\/gavra.be\/?post_type=inspiratie&#038;p=3168"},"modified":"2025-08-29T16:39:46","modified_gmt":"2025-08-29T14:39:46","slug":"topcer","status":"publish","type":"inspiratie","link":"https:\/\/gavra.be\/fr\/inspiration\/topcer","title":{"rendered":"TopCer: qualit\u00e9 et savoir-faire portugais!"},"content":{"rendered":"<section id=\"header_small\" data-aos=\"fade-up\">\n\t<div class=\"wrap\">\n\t\t<div class=\"image\"><img decoding=\"async\" src=\"https:\/\/gavra.be\/wp-content\/uploads\/2025\/08\/Y-0057-scaled.jpg\" alt=\"Y-0057\"><\/div><div class=\"container\"><div class=\"content\"><h2>D\u00e9couvrez la signature unique de TopCer<\/h2><\/div><\/div>\t<\/div>\n<\/section>\n\n\n<div class=\"wp-block-media-text has-media-on-the-right is-stacked-on-mobile is-image-fill-element\"><div class=\"wp-block-media-text__content\">\n<p><strong>Depuis 1992, TopCer se distingue par la production de carreaux c\u00e9ramiques petit format, non \u00e9maill\u00e9s et teint\u00e9s dans la masse. Des produits robustes, durables et intemporels, qui trouvent naturellement leur place aussi bien dans des restaurations patrimoniales que dans des r\u00e9alisations architecturales contemporaines. Avec une capacit\u00e9 annuelle d\u2019environ 600.000 m\u00b2, dont 97 % export\u00e9s vers plus de 50 pays, TopCer s\u2019impose aujourd\u2019hui comme une r\u00e9f\u00e9rence mondiale. En Belgique, la marque est distribu\u00e9e exclusivement par Gavra et son r\u00e9seau de partenaires sp\u00e9cialis\u00e9s.<\/strong><\/p>\n\n\n\n<p><\/p>\n\n\n\n<h2 class=\"wp-block-heading\">Performance technique au service de vos projets<\/h2>\n\n\n\n<p>Choisir <strong>TopCer<\/strong>, c\u2019est miser sur des carreaux petit format capables de r\u00e9sister aux usages les plus intensifs. Solides, r\u00e9sistants \u00e0 l\u2019usure, insensibles au gel et aux agents chimiques, ils offrent en plus d\u2019excellentes propri\u00e9t\u00e9s antid\u00e9rapantes. Une solution id\u00e9ale pour les gares, piscines, h\u00f4pitaux, h\u00f4tels, \u00e9coles, cuisines professionnelles ou surfaces commerciales \u00e0 forte fr\u00e9quentation.<\/p>\n\n\n\n<p>Enti\u00e8rement conformes aux normes europ\u00e9ennes (ISO 13006, EN 14411) et certifi\u00e9e ISO 9001 &amp; ISO 14001, l\u2019entreprise garantit une qualit\u00e9 irr\u00e9prochable et un profond respect de l\u2019environnement.<\/p>\n\n\n\n<p><\/p>\n<\/div><figure class=\"wp-block-media-text__media\"><img decoding=\"async\" width=\"787\" height=\"1024\" src=\"https:\/\/gavra.be\/wp-content\/uploads\/2025\/08\/Olmo-Peeters-GBR-HR-21-cut-787x1024.jpg\" alt=\"\" class=\"wp-image-3421 size-full\" style=\"object-position:50% 50%\" srcset=\"https:\/\/gavra.be\/wp-content\/uploads\/2025\/08\/Olmo-Peeters-GBR-HR-21-cut-787x1024.jpg 787w, https:\/\/gavra.be\/wp-content\/uploads\/2025\/08\/Olmo-Peeters-GBR-HR-21-cut-230x300.jpg 230w, https:\/\/gavra.be\/wp-content\/uploads\/2025\/08\/Olmo-Peeters-GBR-HR-21-cut-768x1000.jpg 768w, https:\/\/gavra.be\/wp-content\/uploads\/2025\/08\/Olmo-Peeters-GBR-HR-21-cut-1180x1536.jpg 1180w, https:\/\/gavra.be\/wp-content\/uploads\/2025\/08\/Olmo-Peeters-GBR-HR-21-cut-1573x2048.jpg 1573w, https:\/\/gavra.be\/wp-content\/uploads\/2025\/08\/Olmo-Peeters-GBR-HR-21-cut-scaled.jpg 1966w\" sizes=\"(max-width: 787px) 100vw, 787px\" \/><\/figure><\/div>\n\n\n\n<div class=\"wp-block-buttons is-content-justification-center is-layout-flex wp-container-core-buttons-is-layout-16018d1d wp-block-buttons-is-layout-flex\">\n<div class=\"wp-block-button\"><a class=\"wp-block-button__link has-background has-medium-font-size has-custom-font-size wp-element-button\" href=\"https:\/\/gavra.be\/fr\/formulaire-de-demande-topcer\" style=\"border-radius:0px;background-color:#bc9458\">Besoin d\u2019infos ou d\u2019\u00e9chantillons ?<\/a><\/div>\n<\/div>\n\n\n<section id=\"slider_image\" data-aos=\"fade-up\">\n\t<div class=\"container\">\n\t\t<div class=\"inleiding\">\n\t\t\t\t\t<\/div>\n\t\t\t\t\t<div class=\"gallery-items\">\n\t\t\t\t<div class=\"gallery-item\" data-aos=\"fade-up\"><img decoding=\"async\" src=\"https:\/\/gavra.be\/wp-content\/uploads\/2025\/08\/HHRT011-scaled.jpg\" alt=\"HHRT011\"><\/div><div class=\"gallery-item\" data-aos=\"fade-up\"><img decoding=\"async\" src=\"https:\/\/gavra.be\/wp-content\/uploads\/2025\/08\/OPZ-Geel_Osar-architects_-_TOPCER_15x15_2-scaled.jpg\" alt=\"OPZ-Geel_Osar-architects_-_TOPCER_15x15_2\"><\/div><div class=\"gallery-item\" data-aos=\"fade-up\"><img decoding=\"async\" src=\"https:\/\/gavra.be\/wp-content\/uploads\/2025\/08\/13-LOVIE-0660-\u00a9StijnBollaert-SR.jpg\" alt=\"13-LOVIE-0660-\u00a9StijnBollaert-SR\"><\/div><div class=\"gallery-item\" data-aos=\"fade-up\"><img decoding=\"async\" src=\"https:\/\/gavra.be\/wp-content\/uploads\/2025\/08\/13-LOVIE-0613-\u00a9StijnBollaert-SR.jpg\" alt=\"13-LOVIE-0613-\u00a9StijnBollaert-SR\"><\/div><div class=\"gallery-item\" data-aos=\"fade-up\"><img decoding=\"async\" src=\"https:\/\/gavra.be\/wp-content\/uploads\/2025\/08\/Menos-wzc-Genk_Osar-architects_-_TOPCER_15x15_4-1-scaled.jpg\" alt=\"Menos-wzc-Genk_Osar-architects_-_TOPCER_15x15_4\"><\/div><div class=\"gallery-item\" data-aos=\"fade-up\"><img decoding=\"async\" src=\"https:\/\/gavra.be\/wp-content\/uploads\/2025\/08\/Menos-wzc-Genk_Osar-architects_-_TOPCER_15x15_2-1-scaled.jpg\" alt=\"Menos-wzc-Genk_Osar-architects_-_TOPCER_15x15_2\"><\/div><div class=\"gallery-item\" data-aos=\"fade-up\"><img decoding=\"async\" src=\"https:\/\/gavra.be\/wp-content\/uploads\/2025\/08\/Oelewappers-Topcer.jpg\" alt=\"DMOA\"><\/div><div class=\"gallery-item\" data-aos=\"fade-up\"><img decoding=\"async\" src=\"https:\/\/gavra.be\/wp-content\/uploads\/2025\/08\/20240619-032-scaled-1.jpg\" alt=\"DMOA\"><\/div><div class=\"gallery-item\" data-aos=\"fade-up\"><img decoding=\"async\" src=\"https:\/\/gavra.be\/wp-content\/uploads\/2025\/08\/IMG_1490-scaled-2.jpeg\" alt=\"IMG_1490-scaled 2\"><\/div><div class=\"gallery-item\" data-aos=\"fade-up\"><img decoding=\"async\" src=\"https:\/\/gavra.be\/wp-content\/uploads\/2025\/08\/BL-hkZ-0213-scaled.jpg\" alt=\"BL-hkZ-0213\"><\/div><div class=\"gallery-item\" data-aos=\"fade-up\"><img decoding=\"async\" src=\"https:\/\/gavra.be\/wp-content\/uploads\/2025\/08\/Bar-Pur8-scaled.jpg\" alt=\"Bar Pur8\"><\/div><div class=\"gallery-item\" data-aos=\"fade-up\"><img decoding=\"async\" src=\"https:\/\/gavra.be\/wp-content\/uploads\/2025\/08\/Soke-Tulipe-1.png\" alt=\"Soke Tulipe\"><\/div><div class=\"gallery-item\" data-aos=\"fade-up\"><img decoding=\"async\" src=\"https:\/\/gavra.be\/wp-content\/uploads\/2025\/08\/IMG_5477-1.jpg\" alt=\"Screenshot\"><\/div><div class=\"gallery-item\" data-aos=\"fade-up\"><img decoding=\"async\" src=\"https:\/\/gavra.be\/wp-content\/uploads\/2025\/08\/hop-collectiv4-architects.jpg\" alt=\"hop collectiv4 architects\"><\/div><div class=\"gallery-item\" data-aos=\"fade-up\"><img decoding=\"async\" src=\"https:\/\/gavra.be\/wp-content\/uploads\/2025\/08\/HOP_11.jpg\" alt=\"HOP_11\"><\/div><div class=\"gallery-item\" data-aos=\"fade-up\"><img decoding=\"async\" src=\"https:\/\/gavra.be\/wp-content\/uploads\/2025\/08\/HOP_5.jpg\" alt=\"HOP_5\"><\/div><div class=\"gallery-item\" data-aos=\"fade-up\"><img decoding=\"async\" src=\"https:\/\/gavra.be\/wp-content\/uploads\/2025\/08\/Ray-studio-boite-topcer.png\" alt=\"Ray studio boite topcer\"><\/div><div class=\"gallery-item\" data-aos=\"fade-up\"><img decoding=\"async\" src=\"https:\/\/gavra.be\/wp-content\/uploads\/2025\/08\/Ray-studio-boite-topcer2.png\" alt=\"Ray studio boite topcer2\"><\/div><div class=\"gallery-item\" data-aos=\"fade-up\"><img decoding=\"async\" src=\"https:\/\/gavra.be\/wp-content\/uploads\/2025\/08\/Zalig-Haspengouw_0900_7-1.jpg\" alt=\"Zalig Haspengouw_0900_7 (1)\"><\/div><div class=\"gallery-item\" data-aos=\"fade-up\"><img decoding=\"async\" src=\"https:\/\/gavra.be\/wp-content\/uploads\/2025\/08\/zicht-vanuit-keuken2-scaled-e1733154551727.jpeg\" alt=\"zicht-vanuit-keuken2-scaled-e1733154551727\"><\/div><div class=\"gallery-item\" data-aos=\"fade-up\"><img decoding=\"async\" src=\"https:\/\/gavra.be\/wp-content\/uploads\/2025\/08\/C-mine-Genk_51N4E-architects_-_TOPCER_6616-white__6620-brick-red_15x15_04.jpg\" alt=\"C-mine-Genk_51N4E-architects_-_TOPCER_6616-white_&#038;_6620-brick-red_15x15_04\"><\/div><div class=\"gallery-item\" data-aos=\"fade-up\"><img decoding=\"async\" src=\"https:\/\/gavra.be\/wp-content\/uploads\/2025\/08\/C-mine-Genk_51N4E-architects_-_TOPCER_6616-white__6620-brick-red_15x15_01.jpg\" alt=\"C-mine-Genk_51N4E-architects_-_TOPCER_6616-white_&#038;_6620-brick-red_15x15_01\"><\/div>\t\t\t<\/div>\n\t\t\t<\/div>\n<\/section>\n\n\n<section id=\"columnns\" data-aos=\"fade-up\">\n\t<div class=\"container\">\n\t\t<div class=\"column_2\"><h2 data-aos=\"fade-up\">Applications : du patrimoine au contemporain<\/h2><div class=\"column\" data-aos=\"fade-up\"><p><strong data-start=\"45\" data-end=\"74\">Patrimoine &amp; Restauration<\/strong><br data-start=\"74\" data-end=\"77\" \/>TopCer d\u00e9montre que tradition et innovation peuvent aller de pair. Pour la r\u00e9novation d\u2019\u00e9glises, mus\u00e9es, h\u00f4tels ou autres b\u00e2timents historiques, les motifs victoriens classiques sont un choix id\u00e9al. Ils allient authenticit\u00e9 et confort moderne : gr\u00e2ce au syst\u00e8me ing\u00e9nieux sur filet, la pose se fait plus rapidement et efficacement, sans rien perdre du cachet historique.<\/p>\n<p><strong data-start=\"32\" data-end=\"75\">Des solutions durables pour vos projets<\/strong><br data-start=\"75\" data-end=\"78\" \/>L\u00e0 o\u00f9 s\u00e9curit\u00e9 et r\u00e9sistance \u00e0 l\u2019usure sont primordiales \u2013 comme dans les gares, escaliers, piscines publiques ou \u00e9coles \u2013 les carreaux c\u00e9ramiques TopCer offrent une solution fiable et esth\u00e9tique, parfaitement adapt\u00e9e aux usages intensifs.<\/p>\n<p><strong data-start=\"45\" data-end=\"84\">Chaleur m\u00e9diterran\u00e9enne \u00e0 la maison<\/strong><br data-start=\"84\" data-end=\"87\" \/>Non seulement pour les grands projets, mais aussi dans les habitations, les carreaux TopCer apportent du caract\u00e8re. Leur riche palette de couleurs et leurs motifs uniques refl\u00e8tent l\u2019artisanat et insufflent un charme m\u00e9diterran\u00e9en chaleureux aux cuisines, salles de bains ou halls. Ce sont des carreaux qui ne se contentent pas de parachever un int\u00e9rieur, mais qui lui donnent v\u00e9ritablement vie.<\/p>\n<\/div><\/div>\t<\/div>\n<\/section>\n\n\n<figure class=\"wp-block-image size-large\"><img decoding=\"async\" width=\"1024\" height=\"683\" src=\"https:\/\/gavra.be\/wp-content\/uploads\/2025\/08\/20240619-036-scaled-1-1024x683.jpg\" alt=\"\" class=\"wp-image-3194\" srcset=\"https:\/\/gavra.be\/wp-content\/uploads\/2025\/08\/20240619-036-scaled-1-1024x683.jpg 1024w, https:\/\/gavra.be\/wp-content\/uploads\/2025\/08\/20240619-036-scaled-1-300x200.jpg 300w, https:\/\/gavra.be\/wp-content\/uploads\/2025\/08\/20240619-036-scaled-1-768x512.jpg 768w, https:\/\/gavra.be\/wp-content\/uploads\/2025\/08\/20240619-036-scaled-1-1536x1024.jpg 1536w, https:\/\/gavra.be\/wp-content\/uploads\/2025\/08\/20240619-036-scaled-1-2048x1366.jpg 2048w\" sizes=\"(max-width: 1024px) 100vw, 1024px\" \/><\/figure>\n\n\n<section id=\"columnns\" data-aos=\"fade-up\">\n\t<div class=\"container\">\n\t\t<div class=\"column_1\"><h2 data-aos=\"fade-up\">Formats, couleurs &#038; designs<\/h2><div class=\"column\" data-aos=\"fade-up\"><p data-start=\"45\" data-end=\"431\">TopCer se distingue par son incroyable polyvalence. La marque propose des carr\u00e9s classiques (10\u00d710 cm, 15\u00d715 cm), des rectangles (7,5\u00d715 cm, 10\u00d730 cm), ainsi que des hexagones ou octogones avec ornements d\u00e9coratifs assortis. Modulaires, ces carreaux permettent de composer et de poser facilement des combinaisons et motifs vari\u00e9s.<\/p>\n<p data-start=\"433\" data-end=\"777\" data-is-last-node=\"\" data-is-only-node=\"\">La palette de couleurs comprend environ 30 teintes pour les formats standards et une quinzaine pour certaines variantes. S\u2019y ajoutent des collections sp\u00e9ciales comme les <strong data-start=\"667\" data-end=\"698\">Victorian Designs &amp; Borders<\/strong>, avec plus de 60 motifs historiques au format treillis (mesh), et la s\u00e9rie <strong data-start=\"774\" data-end=\"791\">Contemporaneo<\/strong>, pens\u00e9e pour des projets modernes.<\/p>\n<\/div><\/div>\t<\/div>\n<\/section>\n\n\n<div class=\"wp-block-buttons is-content-justification-center is-layout-flex wp-container-core-buttons-is-layout-16018d1d wp-block-buttons-is-layout-flex\">\n<div class=\"wp-block-button\"><a class=\"wp-block-button__link has-background has-medium-font-size has-custom-font-size wp-element-button\" href=\"https:\/\/gavra.be\/fr\/formulaire-de-demande-topcer\" style=\"border-radius:0px;background-color:#bc9458\">Lancez votre projet avec TopCer<\/a><\/div>\n<\/div>\n\n\n\n<p><\/p>\n\n\n<section id=\"afbeelding_tekst_onlyimageslides\" data-aos=\"fade-up\" class=\"Standaard\">\n\t<div class=\"container\">\n\t\t<div class=\"wrap-content\"><div class=\"afbeeldingen\"><div class=\"image\"><img decoding=\"async\" src=\"https:\/\/gavra.be\/wp-content\/uploads\/2025\/08\/Y-0039-scaled.jpg\" alt=\"Y-0039\"><\/div><div class=\"image\"><img decoding=\"async\" src=\"https:\/\/gavra.be\/wp-content\/uploads\/2025\/08\/Y-0152-scaled.jpg\" alt=\"Y-0152\"><\/div><div class=\"image\"><img decoding=\"async\" src=\"https:\/\/gavra.be\/wp-content\/uploads\/2025\/08\/Y-0012-scaled.jpg\" alt=\"Y-0012\"><\/div><div class=\"image\"><img decoding=\"async\" src=\"https:\/\/gavra.be\/wp-content\/uploads\/2025\/08\/Y-0019-scaled.jpg\" alt=\"Y-0019\"><\/div><div class=\"image\"><img decoding=\"async\" src=\"https:\/\/gavra.be\/wp-content\/uploads\/2025\/08\/Y-0083-scaled.jpg\" alt=\"Y-0083\"><\/div><div class=\"image\"><img decoding=\"async\" src=\"https:\/\/gavra.be\/wp-content\/uploads\/2025\/08\/Y-0131-scaled.jpg\" alt=\"Y-0131\"><\/div><div class=\"image\"><img decoding=\"async\" src=\"https:\/\/gavra.be\/wp-content\/uploads\/2025\/08\/Y-0221-scaled.jpg\" alt=\"Y-0221\"><\/div><div class=\"image\"><img decoding=\"async\" src=\"https:\/\/gavra.be\/wp-content\/uploads\/2025\/08\/Y-0023-scaled.jpg\" alt=\"Y-0023\"><\/div><div class=\"image\"><img decoding=\"async\" src=\"https:\/\/gavra.be\/wp-content\/uploads\/2025\/08\/Y-0078-scaled.jpg\" alt=\"Y-0078\"><\/div><div class=\"image\"><img decoding=\"async\" src=\"https:\/\/gavra.be\/wp-content\/uploads\/2025\/08\/Y-0243-scaled.jpg\" alt=\"Y-0243\"><\/div><\/div><div class=\"content\"><p data-start=\"45\" data-end=\"115\"><strong data-start=\"45\" data-end=\"113\">Maison priv\u00e9e \u00e0 l\u2019honneur: des carreaux polyvalents en parfaite harmonie<\/strong><\/p>\n<p data-start=\"213\" data-end=\"438\">Dans cette maison, la polyvalence des carreaux est pleinement exploit\u00e9e. Ils permettent aux diff\u00e9rents \u00e9l\u00e9ments de l\u2019int\u00e9rieur de se fondre naturellement les uns dans les autres, cr\u00e9ant une atmosph\u00e8re coh\u00e9rente et \u00e9l\u00e9gante.<\/p>\n<p data-start=\"440\" data-end=\"473\"><em data-start=\"440\" data-end=\"471\">(Photos : Objekt Architecten)<\/em><\/p>\n<\/div><div class=\"clearing\"><\/div><\/div>\t<\/div>\n<\/section>\n\n<section id=\"afbeelding_tekst_onlyimageslides\" data-aos=\"fade-up\" class=\"Standaard\">\n\t<div class=\"container\">\n\t\t<div class=\"wrap-content\"><div class=\"afbeeldingen\"><div class=\"image\"><img decoding=\"async\" src=\"https:\/\/gavra.be\/wp-content\/uploads\/2025\/08\/IMG_8387-scaled-2.jpeg\" alt=\"IMG_8387-scaled\"><\/div><div class=\"image\"><img decoding=\"async\" src=\"https:\/\/gavra.be\/wp-content\/uploads\/2025\/08\/IMG_9474-2-scaled-2.jpeg\" alt=\"IMG_9474-2-scaled\"><\/div><div class=\"image\"><img decoding=\"async\" src=\"https:\/\/gavra.be\/wp-content\/uploads\/2025\/08\/Scherm\u00adafbeelding-2025-08-25-om-14.07.48.png\" alt=\"Scherm\u00adafbeelding 2025-08-25 om 14.07.48\"><\/div><div class=\"image\"><img decoding=\"async\" src=\"https:\/\/gavra.be\/wp-content\/uploads\/2025\/08\/topcer-gevel.jpeg\" alt=\"topcer gevel\"><\/div><\/div><div class=\"content\"><p data-start=\"45\" data-end=\"99\"><strong data-start=\"45\" data-end=\"97\">TopCer: une \u00e9l\u00e9gance durable pour chaque fa\u00e7ade<\/strong><\/p>\n<p data-start=\"198\" data-end=\"763\">Une fa\u00e7ade est bien plus qu\u2019une simple enveloppe ext\u00e9rieure ; elle repr\u00e9sente la carte de visite d\u2019un b\u00e2timent. Les carreaux c\u00e9ramiques de fa\u00e7ade TopCer allient esth\u00e9tique et performance technique : extr\u00eamement durs et r\u00e9sistants \u00e0 l\u2019usure, ils supportent les intemp\u00e9ries, le gel et la pollution, tout en conservant leur beaut\u00e9. La large gamme de couleurs et de formats permet de cr\u00e9er des designs modernes et \u00e9pur\u00e9s ou des fa\u00e7ades classiques, tandis que leurs propri\u00e9t\u00e9s antid\u00e9rapantes et faciles d\u2019entretien garantissent une durabilit\u00e9 sur de nombreuses ann\u00e9es.<\/p>\n<p data-start=\"765\" data-end=\"796\"><em data-start=\"765\" data-end=\"794\">(Photos : DMOA Architecten)<\/em><\/p>\n<\/div><div class=\"clearing\"><\/div><\/div>\t<\/div>\n<\/section>\n\n\n<p><\/p>\n\n\n\n<hr class=\"wp-block-separator has-text-color has-alpha-channel-opacity has-background is-style-dots\" style=\"background-color:#bc9458;color:#bc9458\"\/>\n\n\n<section id=\"columnns\" data-aos=\"fade-up\">\n\t<div class=\"container\">\n\t\t<div class=\"column_1_title\"><h2 data-aos=\"fade-up\"><\/h2><div class=\"column\" data-aos=\"fade-up\"><p>Si vous avez des questions, veuillez contacter votre responsable r\u00e9gional ou consultant de projet.<\/p>\n<p>Vous pouvez \u00e9galement nous contacter \u00e0 l&rsquo;adresse <a href=\"mailto:info@gavra.be\" target=\"_blank\" rel=\"noopener\" data-cke-saved-href=\"mailto:info@gavra.be\">info@gavra.be<\/a> ou par t\u00e9l\u00e9phone au (+32) 14 58 92 62.<\/p>\n<p>Notre service client vous redirigera ensuite vers votre contact chez Gavra.<\/p>\n<\/div><\/div>\t<\/div>\n<\/section>","protected":false},"featured_media":3515,"template":"","meta":{"_acf_changed":false,"footnotes":""},"tags":[21],"class_list":["post-3168","inspiratie","type-inspiratie","status-publish","has-post-thumbnail","hentry","tag-blogs-fr"],"acf":[],"yoast_head":"<!-- This site is optimized with the Yoast SEO plugin v27.5 - https:\/\/yoast.com\/product\/yoast-seo-wordpress\/ -->\n<title>TopCer: qualit\u00e9 et savoir-faire portugais! - Gavra<\/title>\n<meta name=\"description\" content=\"D\u00e9couvrez la force du v\u00e9ritable savoir-faire portugais avec les carreaux en c\u00e9ramique pleine masse non \u00e9maill\u00e9s de TopCer. R\u00e9sistants \u00e0 l\u2019usure, au gel et disponibles dans une riche palette de couleurs et de motifs.\" \/>\n<meta name=\"robots\" content=\"index, follow, max-snippet:-1, max-image-preview:large, max-video-preview:-1\" \/>\n<link rel=\"canonical\" href=\"https:\/\/gavra.be\/fr\/inspiration\/topcer\" \/>\n<meta property=\"og:locale\" content=\"fr_FR\" \/>\n<meta property=\"og:type\" content=\"article\" \/>\n<meta property=\"og:title\" content=\"TopCer: qualit\u00e9 et savoir-faire portugais! - Gavra\" \/>\n<meta property=\"og:description\" content=\"D\u00e9couvrez la force du v\u00e9ritable savoir-faire portugais avec les carreaux en c\u00e9ramique pleine masse non \u00e9maill\u00e9s de TopCer. R\u00e9sistants \u00e0 l\u2019usure, au gel et disponibles dans une riche palette de couleurs et de motifs.\" \/>\n<meta property=\"og:url\" content=\"https:\/\/gavra.be\/fr\/inspiration\/topcer\" \/>\n<meta property=\"og:site_name\" content=\"Gavra\" \/>\n<meta property=\"article:modified_time\" content=\"2025-08-29T14:39:46+00:00\" \/>\n<meta property=\"og:image\" content=\"https:\/\/gavra.be\/wp-content\/uploads\/2025\/08\/Topcer-1-1-scaled.jpg\" \/>\n\t<meta property=\"og:image:width\" content=\"2560\" \/>\n\t<meta property=\"og:image:height\" content=\"2560\" \/>\n\t<meta property=\"og:image:type\" content=\"image\/jpeg\" \/>\n<meta name=\"twitter:card\" content=\"summary_large_image\" \/>\n<meta name=\"twitter:label1\" content=\"Dur\u00e9e de lecture estim\u00e9e\" \/>\n\t<meta name=\"twitter:data1\" content=\"2 minutes\" \/>\n<script type=\"application\/ld+json\" class=\"yoast-schema-graph\">{\"@context\":\"https:\\\/\\\/schema.org\",\"@graph\":[{\"@type\":\"WebPage\",\"@id\":\"https:\\\/\\\/gavra.be\\\/fr\\\/inspiration\\\/topcer\",\"url\":\"https:\\\/\\\/gavra.be\\\/fr\\\/inspiration\\\/topcer\",\"name\":\"TopCer: qualit\u00e9 et savoir-faire portugais! - Gavra\",\"isPartOf\":{\"@id\":\"https:\\\/\\\/gavra.be\\\/fr#website\"},\"primaryImageOfPage\":{\"@id\":\"https:\\\/\\\/gavra.be\\\/fr\\\/inspiration\\\/topcer#primaryimage\"},\"image\":{\"@id\":\"https:\\\/\\\/gavra.be\\\/fr\\\/inspiration\\\/topcer#primaryimage\"},\"thumbnailUrl\":\"https:\\\/\\\/gavra.be\\\/wp-content\\\/uploads\\\/2025\\\/08\\\/Topcer-1-1-scaled.jpg\",\"datePublished\":\"2025-08-25T23:16:04+00:00\",\"dateModified\":\"2025-08-29T14:39:46+00:00\",\"description\":\"D\u00e9couvrez la force du v\u00e9ritable savoir-faire portugais avec les carreaux en c\u00e9ramique pleine masse non \u00e9maill\u00e9s de TopCer. R\u00e9sistants \u00e0 l\u2019usure, au gel et disponibles dans une riche palette de couleurs et de motifs.\",\"breadcrumb\":{\"@id\":\"https:\\\/\\\/gavra.be\\\/fr\\\/inspiration\\\/topcer#breadcrumb\"},\"inLanguage\":\"fr-FR\",\"potentialAction\":[{\"@type\":\"ReadAction\",\"target\":[\"https:\\\/\\\/gavra.be\\\/fr\\\/inspiration\\\/topcer\"]}]},{\"@type\":\"ImageObject\",\"inLanguage\":\"fr-FR\",\"@id\":\"https:\\\/\\\/gavra.be\\\/fr\\\/inspiration\\\/topcer#primaryimage\",\"url\":\"https:\\\/\\\/gavra.be\\\/wp-content\\\/uploads\\\/2025\\\/08\\\/Topcer-1-1-scaled.jpg\",\"contentUrl\":\"https:\\\/\\\/gavra.be\\\/wp-content\\\/uploads\\\/2025\\\/08\\\/Topcer-1-1-scaled.jpg\",\"width\":2560,\"height\":2560},{\"@type\":\"BreadcrumbList\",\"@id\":\"https:\\\/\\\/gavra.be\\\/fr\\\/inspiration\\\/topcer#breadcrumb\",\"itemListElement\":[{\"@type\":\"ListItem\",\"position\":1,\"name\":\"Home\",\"item\":\"https:\\\/\\\/gavra.be\\\/fr\"},{\"@type\":\"ListItem\",\"position\":2,\"name\":\"TopCer: qualit\u00e9 et savoir-faire portugais!\"}]},{\"@type\":\"WebSite\",\"@id\":\"https:\\\/\\\/gavra.be\\\/fr#website\",\"url\":\"https:\\\/\\\/gavra.be\\\/fr\",\"name\":\"Gavra\",\"description\":\"\",\"potentialAction\":[{\"@type\":\"SearchAction\",\"target\":{\"@type\":\"EntryPoint\",\"urlTemplate\":\"https:\\\/\\\/gavra.be\\\/fr?s={search_term_string}\"},\"query-input\":{\"@type\":\"PropertyValueSpecification\",\"valueRequired\":true,\"valueName\":\"search_term_string\"}}],\"inLanguage\":\"fr-FR\"}]}<\/script>\n<!-- \/ Yoast SEO plugin. -->","yoast_head_json":{"title":"TopCer: qualit\u00e9 et savoir-faire portugais! - Gavra","description":"D\u00e9couvrez la force du v\u00e9ritable savoir-faire portugais avec les carreaux en c\u00e9ramique pleine masse non \u00e9maill\u00e9s de TopCer. R\u00e9sistants \u00e0 l\u2019usure, au gel et disponibles dans une riche palette de couleurs et de motifs.","robots":{"index":"index","follow":"follow","max-snippet":"max-snippet:-1","max-image-preview":"max-image-preview:large","max-video-preview":"max-video-preview:-1"},"canonical":"https:\/\/gavra.be\/fr\/inspiration\/topcer","og_locale":"fr_FR","og_type":"article","og_title":"TopCer: qualit\u00e9 et savoir-faire portugais! - Gavra","og_description":"D\u00e9couvrez la force du v\u00e9ritable savoir-faire portugais avec les carreaux en c\u00e9ramique pleine masse non \u00e9maill\u00e9s de TopCer. R\u00e9sistants \u00e0 l\u2019usure, au gel et disponibles dans une riche palette de couleurs et de motifs.","og_url":"https:\/\/gavra.be\/fr\/inspiration\/topcer","og_site_name":"Gavra","article_modified_time":"2025-08-29T14:39:46+00:00","og_image":[{"width":2560,"height":2560,"url":"https:\/\/gavra.be\/wp-content\/uploads\/2025\/08\/Topcer-1-1-scaled.jpg","type":"image\/jpeg"}],"twitter_card":"summary_large_image","twitter_misc":{"Dur\u00e9e de lecture estim\u00e9e":"2 minutes"},"schema":{"@context":"https:\/\/schema.org","@graph":[{"@type":"WebPage","@id":"https:\/\/gavra.be\/fr\/inspiration\/topcer","url":"https:\/\/gavra.be\/fr\/inspiration\/topcer","name":"TopCer: qualit\u00e9 et savoir-faire portugais! - Gavra","isPartOf":{"@id":"https:\/\/gavra.be\/fr#website"},"primaryImageOfPage":{"@id":"https:\/\/gavra.be\/fr\/inspiration\/topcer#primaryimage"},"image":{"@id":"https:\/\/gavra.be\/fr\/inspiration\/topcer#primaryimage"},"thumbnailUrl":"https:\/\/gavra.be\/wp-content\/uploads\/2025\/08\/Topcer-1-1-scaled.jpg","datePublished":"2025-08-25T23:16:04+00:00","dateModified":"2025-08-29T14:39:46+00:00","description":"D\u00e9couvrez la force du v\u00e9ritable savoir-faire portugais avec les carreaux en c\u00e9ramique pleine masse non \u00e9maill\u00e9s de TopCer. R\u00e9sistants \u00e0 l\u2019usure, au gel et disponibles dans une riche palette de couleurs et de motifs.","breadcrumb":{"@id":"https:\/\/gavra.be\/fr\/inspiration\/topcer#breadcrumb"},"inLanguage":"fr-FR","potentialAction":[{"@type":"ReadAction","target":["https:\/\/gavra.be\/fr\/inspiration\/topcer"]}]},{"@type":"ImageObject","inLanguage":"fr-FR","@id":"https:\/\/gavra.be\/fr\/inspiration\/topcer#primaryimage","url":"https:\/\/gavra.be\/wp-content\/uploads\/2025\/08\/Topcer-1-1-scaled.jpg","contentUrl":"https:\/\/gavra.be\/wp-content\/uploads\/2025\/08\/Topcer-1-1-scaled.jpg","width":2560,"height":2560},{"@type":"BreadcrumbList","@id":"https:\/\/gavra.be\/fr\/inspiration\/topcer#breadcrumb","itemListElement":[{"@type":"ListItem","position":1,"name":"Home","item":"https:\/\/gavra.be\/fr"},{"@type":"ListItem","position":2,"name":"TopCer: qualit\u00e9 et savoir-faire portugais!"}]},{"@type":"WebSite","@id":"https:\/\/gavra.be\/fr#website","url":"https:\/\/gavra.be\/fr","name":"Gavra","description":"","potentialAction":[{"@type":"SearchAction","target":{"@type":"EntryPoint","urlTemplate":"https:\/\/gavra.be\/fr?s={search_term_string}"},"query-input":{"@type":"PropertyValueSpecification","valueRequired":true,"valueName":"search_term_string"}}],"inLanguage":"fr-FR"}]}},"_links":{"self":[{"href":"https:\/\/gavra.be\/fr\/wp-json\/wp\/v2\/inspiratie\/3168","targetHints":{"allow":["GET"]}}],"collection":[{"href":"https:\/\/gavra.be\/fr\/wp-json\/wp\/v2\/inspiratie"}],"about":[{"href":"https:\/\/gavra.be\/fr\/wp-json\/wp\/v2\/types\/inspiratie"}],"version-history":[{"count":5,"href":"https:\/\/gavra.be\/fr\/wp-json\/wp\/v2\/inspiratie\/3168\/revisions"}],"predecessor-version":[{"id":3550,"href":"https:\/\/gavra.be\/fr\/wp-json\/wp\/v2\/inspiratie\/3168\/revisions\/3550"}],"wp:featuredmedia":[{"embeddable":true,"href":"https:\/\/gavra.be\/fr\/wp-json\/wp\/v2\/media\/3515"}],"wp:attachment":[{"href":"https:\/\/gavra.be\/fr\/wp-json\/wp\/v2\/media?parent=3168"}],"wp:term":[{"taxonomy":"post_tag","embeddable":true,"href":"https:\/\/gavra.be\/fr\/wp-json\/wp\/v2\/tags?post=3168"}],"curies":[{"name":"wp","href":"https:\/\/api.w.org\/{rel}","templated":true}]}}