{"id":5165,"date":"2026-04-03T00:06:48","date_gmt":"2026-04-02T22:06:48","guid":{"rendered":"https:\/\/gavra.be\/inspiratie\/luca-matera"},"modified":"2026-04-07T10:51:01","modified_gmt":"2026-04-07T08:51:01","slug":"luca-matera","status":"publish","type":"inspiratie","link":"https:\/\/gavra.be\/fr\/inspiration\/luca-matera","title":{"rendered":"\u00c9quilibre entre lumi\u00e8re et mati\u00e8re"},"content":{"rendered":"<section id=\"header_small\" data-aos=\"fade-up\">\n\t<div class=\"wrap\">\n\t\t<div class=\"image\"><img decoding=\"async\" src=\"https:\/\/gavra.be\/wp-content\/uploads\/2026\/02\/PETRAVIVA-BEIGE-LIVING-120x280-e-NEREIDI-ECRU-120x120-1-scaled.jpg\" alt=\"PETRAVIVA BEIGE LIVING 120x280 e NEREIDI ECRU 120x120\"><\/div><div class=\"container\"><div class=\"content\"><h2>D\u00e9couvrez la collection L\u00faca Matera<\/h2><\/div><\/div>\t<\/div>\n<\/section>\n\n\n<div class=\"wp-block-media-text has-media-on-the-right is-stacked-on-mobile is-image-fill-element\"><div class=\"wp-block-media-text__content\">\n<p><strong>L\u2019architecture est aujourd\u2019hui plus que jamais une question d\u2019exp\u00e9rience.<br>De calme. De mat\u00e9rialit\u00e9. D\u2019\u00e9nergie.<\/strong><\/p>\n\n\n\n<p><strong>L\u00faca Matera&nbsp;a \u00e9t\u00e9 d\u00e9velopp\u00e9 pour les concepteurs qui regardent au-del\u00e0 de la simple finition. C\u2019est un mat\u00e9riau qui ne se contente pas d\u2019habiller les espaces, mais leur conf\u00e8re du caract\u00e8re. Il capte la lumi\u00e8re, cr\u00e9e de la profondeur et apporte une s\u00e9r\u00e9nit\u00e9 naturelle \u00e0 l\u2019architecture contemporaine.<\/strong><\/p>\n\n\n\n<h2 class=\"wp-block-heading\">L\u00faca Matera offre de la flexibilit\u00e9<\/h2>\n\n\n\n<p>Disponible en diff\u00e9rents formats et applications:<\/p>\n\n\n\n<ul class=\"wp-block-list\">\n<li>Grands panneaux muraux 120\u00d7280 cm &#8211; pour des murs signature<\/li>\n\n\n\n<li>Dalles de sol g\u00e9n\u00e9reuses 120\u00d7120 cm<strong> <\/strong>\u2013 pour une finition homog\u00e8ne et sans rupture<\/li>\n\n\n\n<li>Dalles de terrasse 2 cm \u2013 adapt\u00e9es \u00e0 un usage ext\u00e9rieur<\/li>\n\n\n\n<li>Sur mesure \u2013 pour chemin\u00e9es, escaliers et mobilier int\u00e9gr\u00e9<\/li>\n\n\n\n<li>Accents \u2013 dans des niches ou volumes architecturaux<\/li>\n<\/ul>\n\n\n\n<p>Les grands formats cr\u00e9ent une esth\u00e9tique monolithique et renforcent le caract\u00e8re pur de l\u2019espace. Moins de joints, plus de continuit\u00e9, plus d\u2019impact.<\/p>\n<\/div><figure class=\"wp-block-media-text__media\"><img decoding=\"async\" width=\"724\" height=\"1024\" src=\"https:\/\/gavra.be\/wp-content\/uploads\/2026\/02\/Ek_Magazine25_In_Out_Pietraviva_Ivory_HR_COVER-724x1024.jpg\" alt=\"\" class=\"wp-image-5043 size-full\" style=\"object-position:12% 65%\" srcset=\"https:\/\/gavra.be\/wp-content\/uploads\/2026\/02\/Ek_Magazine25_In_Out_Pietraviva_Ivory_HR_COVER-724x1024.jpg 724w, https:\/\/gavra.be\/wp-content\/uploads\/2026\/02\/Ek_Magazine25_In_Out_Pietraviva_Ivory_HR_COVER-212x300.jpg 212w, https:\/\/gavra.be\/wp-content\/uploads\/2026\/02\/Ek_Magazine25_In_Out_Pietraviva_Ivory_HR_COVER-768x1086.jpg 768w, https:\/\/gavra.be\/wp-content\/uploads\/2026\/02\/Ek_Magazine25_In_Out_Pietraviva_Ivory_HR_COVER-1086x1536.jpg 1086w, https:\/\/gavra.be\/wp-content\/uploads\/2026\/02\/Ek_Magazine25_In_Out_Pietraviva_Ivory_HR_COVER-1448x2048.jpg 1448w, https:\/\/gavra.be\/wp-content\/uploads\/2026\/02\/Ek_Magazine25_In_Out_Pietraviva_Ivory_HR_COVER-scaled.jpg 1810w\" sizes=\"(max-width: 724px) 100vw, 724px\" \/><\/figure><\/div>\n\n\n\n<div class=\"wp-block-buttons is-content-justification-center is-layout-flex wp-container-core-buttons-is-layout-16018d1d wp-block-buttons-is-layout-flex\">\n<div class=\"wp-block-button\"><a class=\"wp-block-button__link has-background has-medium-font-size has-text-align-center has-custom-font-size wp-element-button\" href=\"https:\/\/gavra.be\/fr\/formulaire-de-demande-luca-matera\" style=\"border-top-left-radius:0px;border-top-right-radius:0px;border-bottom-left-radius:0px;border-bottom-right-radius:0px;background-color:#bc9458\">Demandez votre \u00e9chantillon<\/a><\/div>\n<\/div>\n\n\n<section id=\"columnns\" data-aos=\"fade-up\">\n\t<div class=\"container\">\n\t\t<div class=\"column_2\"><h2 data-aos=\"fade-up\">Une palette de couleurs nuanc\u00e9e qui apporte de la s\u00e9r\u00e9nit\u00e9<\/h2><div class=\"column\" data-aos=\"fade-up\"><p data-start=\"0\" data-end=\"90\"><strong data-start=\"0\" data-end=\"15\">L\u00faca Matera<\/strong> \u00e9volue dans un spectre chaleureux et architectural de teintes naturelles:<\/p>\n<p data-start=\"92\" data-end=\"267\">\u2022 Beige doux et tons sable<br data-start=\"118\" data-end=\"121\" \/>\u2022 Nuances min\u00e9rales de calcaire et de travertin<br data-start=\"168\" data-end=\"171\" \/>\u2022 Teintes terreuses et chaleureuses<br data-start=\"206\" data-end=\"209\" \/>\u2022 Subtiles variations de lumi\u00e8re cr\u00e9ant de la profondeur<\/p>\n<p data-start=\"269\" data-end=\"637\">Les carreaux en c\u00e9ramique pr\u00e9sentent <strong>une structure 3D fid\u00e8le \u00e0 la nature<\/strong>, qui capte la lumi\u00e8re de diff\u00e9rentes mani\u00e8res et donne vie aux surfaces. Ces nuances et textures apportent un \u00e9quilibre visuel et constituent une base raffin\u00e9e pour tout projet. Elles renforcent les concepts minimalistes tout en s\u2019int\u00e9grant parfaitement dans des int\u00e9rieurs riches et stratifi\u00e9s.<\/p>\n<p data-start=\"639\" data-end=\"919\" data-is-last-node=\"\" data-is-only-node=\"\">Gr\u00e2ce \u00e0 leur surface tactile et leur esth\u00e9tique polyvalente, les carreaux s\u2019associent harmonieusement avec le bois, la pierre naturelle, l\u2019acier, les textiles doux et le mobilier sur mesure. Ils repr\u00e9sentent ainsi un choix id\u00e9al tant pour les projets r\u00e9sidentiels que commerciaux.<\/p>\n<\/div><\/div>\t<\/div>\n<\/section>\n\n<section id=\"slider_image\" data-aos=\"fade-up\">\n\t<div class=\"container\">\n\t\t<div class=\"inleiding\">\n\t\t\t\t\t<\/div>\n\t\t\t\t\t<div class=\"gallery-items\">\n\t\t\t\t<div class=\"gallery-item\" data-aos=\"fade-up\"><img decoding=\"async\" src=\"https:\/\/gavra.be\/wp-content\/uploads\/2026\/02\/1.jpg\" alt=\"1\"><\/div><div class=\"gallery-item\" data-aos=\"fade-up\"><img decoding=\"async\" src=\"https:\/\/gavra.be\/wp-content\/uploads\/2026\/02\/2.jpg\" alt=\"2\"><\/div><div class=\"gallery-item\" data-aos=\"fade-up\"><img decoding=\"async\" src=\"https:\/\/gavra.be\/wp-content\/uploads\/2026\/02\/3.jpg\" alt=\"3\"><\/div><div class=\"gallery-item\" data-aos=\"fade-up\"><img decoding=\"async\" src=\"https:\/\/gavra.be\/wp-content\/uploads\/2026\/02\/4.jpg\" alt=\"4\"><\/div><div class=\"gallery-item\" data-aos=\"fade-up\"><img decoding=\"async\" src=\"https:\/\/gavra.be\/wp-content\/uploads\/2026\/02\/5.jpg\" alt=\"5\"><\/div>\t\t\t<\/div>\n\t\t\t<\/div>\n<\/section>\n\n\n<section id=\"afbeelding_tekst_onlyimageslides\" data-aos=\"fade-up\" class=\"Standaard\">\n\t<div class=\"container\">\n\t\t<div class=\"wrap-content\"><div class=\"afbeeldingen\"><div class=\"image\"><img decoding=\"async\" src=\"https:\/\/gavra.be\/wp-content\/uploads\/2026\/02\/PETRAVIVA-GREIGE-120x280-e-120x120-BATHROOM-1-scaled.jpg\" alt=\"PETRAVIVA GREIGE 120x280 e 120x120 BATHROOM\"><\/div><div class=\"image\"><img decoding=\"async\" src=\"https:\/\/gavra.be\/wp-content\/uploads\/2026\/02\/PETRAVIVA-BEIGE-LIVING-120x280-e-NEREIDI-ECRU-120x120-1-scaled.jpg\" alt=\"PETRAVIVA BEIGE LIVING 120x280 e NEREIDI ECRU 120x120\"><\/div><div class=\"image\"><img decoding=\"async\" src=\"https:\/\/gavra.be\/wp-content\/uploads\/2026\/02\/Ek_Magazine25_In_Out_Pietraviva_Ivory_HR_COVER-scaled.jpg\" alt=\"Ek_Magazine25_In_Out_Pietraviva_Ivory_HR_COVER\"><\/div><\/div><div class=\"content\"><h2 class=\"wp-block-heading\">Un mat\u00e9riau avec de la profondeur<\/h2>\n<p><!-- \/wp:heading --> <!-- wp:paragraph {\"placeholder\":\"Inhoud...\"} --><\/p>\n<p data-start=\"39\" data-end=\"237\">Ce qui distingue <strong data-start=\"56\" data-end=\"71\">L\u00faca Matera<\/strong>, c\u2019est sa tactilit\u00e9. Sa structure 3D fid\u00e8le \u00e0 la nature capte la lumi\u00e8re de diff\u00e9rentes mani\u00e8res, faisant \u00e9voluer la surface au fil de la journ\u00e9e et lui donnant vie.<\/p>\n<p data-start=\"239\" data-end=\"306\">Ce n\u2019est pas une finition plane.<br data-start=\"271\" data-end=\"274\" \/>C\u2019est une exp\u00e9rience mat\u00e9rielle.<\/p>\n<p data-start=\"308\" data-end=\"461\" data-is-last-node=\"\" data-is-only-node=\"\">\u00c0 une \u00e9poque o\u00f9 authenticit\u00e9 et durabilit\u00e9 sont essentielles, L\u00faca Matera propose une approche qui fait sens, tant sur le plan visuel que conceptuel.<\/p>\n<p data-start=\"308\" data-end=\"461\" data-is-last-node=\"\" data-is-only-node=\"\"><strong><a href=\"https:\/\/gavra.be\/fr\/formulaire-de-demande-luca-matera\">Demandez votre \u00e9chantillon<\/a><\/strong><\/p>\n<\/div><div class=\"clearing\"><\/div><\/div>\t<\/div>\n<\/section>\n\n<section id=\"columnns\" data-aos=\"fade-up\">\n\t<div class=\"container\">\n\t\t<div class=\"column_1\"><h2 data-aos=\"fade-up\"><\/h2><div class=\"column\" data-aos=\"fade-up\"><p>Vous avez des questions ? Contactez votre account manager ou consultant de projet.<\/p>\n<p>Vous pouvez \u00e9galement nous joindre via <a href=\"mailto:info@gavra.be\" target=\"_blank\" rel=\"noopener\" data-cke-saved-href=\"mailto:info@gavra.be\">info@gavra.be<\/a> ou par t\u00e9l\u00e9phone au +32 (0)14 58 92 62.<\/p>\n<p>Notre service client se fera un plaisir de vous orienter vers votre personne de contact chez Gavra.<\/p>\n<\/div><\/div>\t<\/div>\n<\/section>","protected":false},"featured_media":5044,"template":"","meta":{"_acf_changed":false,"footnotes":""},"tags":[21],"class_list":["post-5165","inspiratie","type-inspiratie","status-publish","has-post-thumbnail","hentry","tag-blogs-fr"],"acf":[],"yoast_head":"<!-- This site is optimized with the Yoast SEO plugin v27.4 - https:\/\/yoast.com\/product\/yoast-seo-wordpress\/ -->\n<title>\u00c9quilibre entre lumi\u00e8re et mati\u00e8re - Gavra<\/title>\n<meta name=\"description\" content=\"L\u00faca Matera\u00a0a \u00e9t\u00e9 d\u00e9velopp\u00e9 pour les concepteurs qui regardent au-del\u00e0 de la simple finition. C\u2019est un mat\u00e9riau qui ne se contente pas d\u2019habiller les espaces, mais leur conf\u00e8re du caract\u00e8re. Il capte la lumi\u00e8re, cr\u00e9e de la profondeur et apporte une s\u00e9r\u00e9nit\u00e9 naturelle \u00e0 l\u2019architecture contemporaine.\" \/>\n<meta name=\"robots\" content=\"index, follow, max-snippet:-1, max-image-preview:large, max-video-preview:-1\" \/>\n<link rel=\"canonical\" href=\"https:\/\/gavra.be\/fr\/inspiration\/luca-matera\" \/>\n<meta property=\"og:locale\" content=\"fr_FR\" \/>\n<meta property=\"og:type\" content=\"article\" \/>\n<meta property=\"og:title\" content=\"\u00c9quilibre entre lumi\u00e8re et mati\u00e8re - Gavra\" \/>\n<meta property=\"og:description\" content=\"L\u00faca Matera\u00a0a \u00e9t\u00e9 d\u00e9velopp\u00e9 pour les concepteurs qui regardent au-del\u00e0 de la simple finition. C\u2019est un mat\u00e9riau qui ne se contente pas d\u2019habiller les espaces, mais leur conf\u00e8re du caract\u00e8re. Il capte la lumi\u00e8re, cr\u00e9e de la profondeur et apporte une s\u00e9r\u00e9nit\u00e9 naturelle \u00e0 l\u2019architecture contemporaine.\" \/>\n<meta property=\"og:url\" content=\"https:\/\/gavra.be\/fr\/inspiration\/luca-matera\" \/>\n<meta property=\"og:site_name\" content=\"Gavra\" \/>\n<meta property=\"article:modified_time\" content=\"2026-04-07T08:51:01+00:00\" \/>\n<meta property=\"og:image\" content=\"https:\/\/gavra.be\/wp-content\/uploads\/2026\/02\/Ek_Magazine25_In_Out_Pietraviva_Ivory_HR_COVER-scaled.jpg\" \/>\n\t<meta property=\"og:image:width\" content=\"1810\" \/>\n\t<meta property=\"og:image:height\" content=\"2560\" \/>\n\t<meta property=\"og:image:type\" content=\"image\/jpeg\" \/>\n<meta name=\"twitter:card\" content=\"summary_large_image\" \/>\n<meta name=\"twitter:label1\" content=\"Dur\u00e9e de lecture estim\u00e9e\" \/>\n\t<meta name=\"twitter:data1\" content=\"2 minutes\" \/>\n<script type=\"application\/ld+json\" class=\"yoast-schema-graph\">{\"@context\":\"https:\\\/\\\/schema.org\",\"@graph\":[{\"@type\":\"WebPage\",\"@id\":\"https:\\\/\\\/gavra.be\\\/fr\\\/inspiration\\\/luca-matera\",\"url\":\"https:\\\/\\\/gavra.be\\\/fr\\\/inspiration\\\/luca-matera\",\"name\":\"\u00c9quilibre entre lumi\u00e8re et mati\u00e8re - Gavra\",\"isPartOf\":{\"@id\":\"https:\\\/\\\/gavra.be\\\/fr#website\"},\"primaryImageOfPage\":{\"@id\":\"https:\\\/\\\/gavra.be\\\/fr\\\/inspiration\\\/luca-matera#primaryimage\"},\"image\":{\"@id\":\"https:\\\/\\\/gavra.be\\\/fr\\\/inspiration\\\/luca-matera#primaryimage\"},\"thumbnailUrl\":\"https:\\\/\\\/gavra.be\\\/wp-content\\\/uploads\\\/2026\\\/02\\\/Ek_Magazine25_In_Out_Pietraviva_Ivory_HR_COVER-scaled.jpg\",\"datePublished\":\"2026-04-02T22:06:48+00:00\",\"dateModified\":\"2026-04-07T08:51:01+00:00\",\"description\":\"L\u00faca Matera\u00a0a \u00e9t\u00e9 d\u00e9velopp\u00e9 pour les concepteurs qui regardent au-del\u00e0 de la simple finition. C\u2019est un mat\u00e9riau qui ne se contente pas d\u2019habiller les espaces, mais leur conf\u00e8re du caract\u00e8re. Il capte la lumi\u00e8re, cr\u00e9e de la profondeur et apporte une s\u00e9r\u00e9nit\u00e9 naturelle \u00e0 l\u2019architecture contemporaine.\",\"breadcrumb\":{\"@id\":\"https:\\\/\\\/gavra.be\\\/fr\\\/inspiration\\\/luca-matera#breadcrumb\"},\"inLanguage\":\"fr-FR\",\"potentialAction\":[{\"@type\":\"ReadAction\",\"target\":[\"https:\\\/\\\/gavra.be\\\/fr\\\/inspiration\\\/luca-matera\"]}]},{\"@type\":\"ImageObject\",\"inLanguage\":\"fr-FR\",\"@id\":\"https:\\\/\\\/gavra.be\\\/fr\\\/inspiration\\\/luca-matera#primaryimage\",\"url\":\"https:\\\/\\\/gavra.be\\\/wp-content\\\/uploads\\\/2026\\\/02\\\/Ek_Magazine25_In_Out_Pietraviva_Ivory_HR_COVER-scaled.jpg\",\"contentUrl\":\"https:\\\/\\\/gavra.be\\\/wp-content\\\/uploads\\\/2026\\\/02\\\/Ek_Magazine25_In_Out_Pietraviva_Ivory_HR_COVER-scaled.jpg\",\"width\":1810,\"height\":2560},{\"@type\":\"BreadcrumbList\",\"@id\":\"https:\\\/\\\/gavra.be\\\/fr\\\/inspiration\\\/luca-matera#breadcrumb\",\"itemListElement\":[{\"@type\":\"ListItem\",\"position\":1,\"name\":\"Home\",\"item\":\"https:\\\/\\\/gavra.be\\\/fr\"},{\"@type\":\"ListItem\",\"position\":2,\"name\":\"\u00c9quilibre entre lumi\u00e8re et mati\u00e8re\"}]},{\"@type\":\"WebSite\",\"@id\":\"https:\\\/\\\/gavra.be\\\/fr#website\",\"url\":\"https:\\\/\\\/gavra.be\\\/fr\",\"name\":\"Gavra\",\"description\":\"\",\"potentialAction\":[{\"@type\":\"SearchAction\",\"target\":{\"@type\":\"EntryPoint\",\"urlTemplate\":\"https:\\\/\\\/gavra.be\\\/fr?s={search_term_string}\"},\"query-input\":{\"@type\":\"PropertyValueSpecification\",\"valueRequired\":true,\"valueName\":\"search_term_string\"}}],\"inLanguage\":\"fr-FR\"}]}<\/script>\n<!-- \/ Yoast SEO plugin. -->","yoast_head_json":{"title":"\u00c9quilibre entre lumi\u00e8re et mati\u00e8re - Gavra","description":"L\u00faca Matera\u00a0a \u00e9t\u00e9 d\u00e9velopp\u00e9 pour les concepteurs qui regardent au-del\u00e0 de la simple finition. C\u2019est un mat\u00e9riau qui ne se contente pas d\u2019habiller les espaces, mais leur conf\u00e8re du caract\u00e8re. Il capte la lumi\u00e8re, cr\u00e9e de la profondeur et apporte une s\u00e9r\u00e9nit\u00e9 naturelle \u00e0 l\u2019architecture contemporaine.","robots":{"index":"index","follow":"follow","max-snippet":"max-snippet:-1","max-image-preview":"max-image-preview:large","max-video-preview":"max-video-preview:-1"},"canonical":"https:\/\/gavra.be\/fr\/inspiration\/luca-matera","og_locale":"fr_FR","og_type":"article","og_title":"\u00c9quilibre entre lumi\u00e8re et mati\u00e8re - Gavra","og_description":"L\u00faca Matera\u00a0a \u00e9t\u00e9 d\u00e9velopp\u00e9 pour les concepteurs qui regardent au-del\u00e0 de la simple finition. C\u2019est un mat\u00e9riau qui ne se contente pas d\u2019habiller les espaces, mais leur conf\u00e8re du caract\u00e8re. Il capte la lumi\u00e8re, cr\u00e9e de la profondeur et apporte une s\u00e9r\u00e9nit\u00e9 naturelle \u00e0 l\u2019architecture contemporaine.","og_url":"https:\/\/gavra.be\/fr\/inspiration\/luca-matera","og_site_name":"Gavra","article_modified_time":"2026-04-07T08:51:01+00:00","og_image":[{"width":1810,"height":2560,"url":"https:\/\/gavra.be\/wp-content\/uploads\/2026\/02\/Ek_Magazine25_In_Out_Pietraviva_Ivory_HR_COVER-scaled.jpg","type":"image\/jpeg"}],"twitter_card":"summary_large_image","twitter_misc":{"Dur\u00e9e de lecture estim\u00e9e":"2 minutes"},"schema":{"@context":"https:\/\/schema.org","@graph":[{"@type":"WebPage","@id":"https:\/\/gavra.be\/fr\/inspiration\/luca-matera","url":"https:\/\/gavra.be\/fr\/inspiration\/luca-matera","name":"\u00c9quilibre entre lumi\u00e8re et mati\u00e8re - Gavra","isPartOf":{"@id":"https:\/\/gavra.be\/fr#website"},"primaryImageOfPage":{"@id":"https:\/\/gavra.be\/fr\/inspiration\/luca-matera#primaryimage"},"image":{"@id":"https:\/\/gavra.be\/fr\/inspiration\/luca-matera#primaryimage"},"thumbnailUrl":"https:\/\/gavra.be\/wp-content\/uploads\/2026\/02\/Ek_Magazine25_In_Out_Pietraviva_Ivory_HR_COVER-scaled.jpg","datePublished":"2026-04-02T22:06:48+00:00","dateModified":"2026-04-07T08:51:01+00:00","description":"L\u00faca Matera\u00a0a \u00e9t\u00e9 d\u00e9velopp\u00e9 pour les concepteurs qui regardent au-del\u00e0 de la simple finition. C\u2019est un mat\u00e9riau qui ne se contente pas d\u2019habiller les espaces, mais leur conf\u00e8re du caract\u00e8re. Il capte la lumi\u00e8re, cr\u00e9e de la profondeur et apporte une s\u00e9r\u00e9nit\u00e9 naturelle \u00e0 l\u2019architecture contemporaine.","breadcrumb":{"@id":"https:\/\/gavra.be\/fr\/inspiration\/luca-matera#breadcrumb"},"inLanguage":"fr-FR","potentialAction":[{"@type":"ReadAction","target":["https:\/\/gavra.be\/fr\/inspiration\/luca-matera"]}]},{"@type":"ImageObject","inLanguage":"fr-FR","@id":"https:\/\/gavra.be\/fr\/inspiration\/luca-matera#primaryimage","url":"https:\/\/gavra.be\/wp-content\/uploads\/2026\/02\/Ek_Magazine25_In_Out_Pietraviva_Ivory_HR_COVER-scaled.jpg","contentUrl":"https:\/\/gavra.be\/wp-content\/uploads\/2026\/02\/Ek_Magazine25_In_Out_Pietraviva_Ivory_HR_COVER-scaled.jpg","width":1810,"height":2560},{"@type":"BreadcrumbList","@id":"https:\/\/gavra.be\/fr\/inspiration\/luca-matera#breadcrumb","itemListElement":[{"@type":"ListItem","position":1,"name":"Home","item":"https:\/\/gavra.be\/fr"},{"@type":"ListItem","position":2,"name":"\u00c9quilibre entre lumi\u00e8re et mati\u00e8re"}]},{"@type":"WebSite","@id":"https:\/\/gavra.be\/fr#website","url":"https:\/\/gavra.be\/fr","name":"Gavra","description":"","potentialAction":[{"@type":"SearchAction","target":{"@type":"EntryPoint","urlTemplate":"https:\/\/gavra.be\/fr?s={search_term_string}"},"query-input":{"@type":"PropertyValueSpecification","valueRequired":true,"valueName":"search_term_string"}}],"inLanguage":"fr-FR"}]}},"_links":{"self":[{"href":"https:\/\/gavra.be\/fr\/wp-json\/wp\/v2\/inspiratie\/5165","targetHints":{"allow":["GET"]}}],"collection":[{"href":"https:\/\/gavra.be\/fr\/wp-json\/wp\/v2\/inspiratie"}],"about":[{"href":"https:\/\/gavra.be\/fr\/wp-json\/wp\/v2\/types\/inspiratie"}],"version-history":[{"count":5,"href":"https:\/\/gavra.be\/fr\/wp-json\/wp\/v2\/inspiratie\/5165\/revisions"}],"predecessor-version":[{"id":5204,"href":"https:\/\/gavra.be\/fr\/wp-json\/wp\/v2\/inspiratie\/5165\/revisions\/5204"}],"wp:featuredmedia":[{"embeddable":true,"href":"https:\/\/gavra.be\/fr\/wp-json\/wp\/v2\/media\/5044"}],"wp:attachment":[{"href":"https:\/\/gavra.be\/fr\/wp-json\/wp\/v2\/media?parent=5165"}],"wp:term":[{"taxonomy":"post_tag","embeddable":true,"href":"https:\/\/gavra.be\/fr\/wp-json\/wp\/v2\/tags?post=5165"}],"curies":[{"name":"wp","href":"https:\/\/api.w.org\/{rel}","templated":true}]}}