{"id":1049,"date":"2024-09-09T14:11:01","date_gmt":"2024-09-09T12:11:01","guid":{"rendered":"https:\/\/gavra.be\/home\/"},"modified":"2024-11-15T23:17:52","modified_gmt":"2024-11-15T22:17:52","slug":"home","status":"publish","type":"page","link":"https:\/\/gavra.be\/fr","title":{"rendered":"Home &#8211; FR"},"content":{"rendered":"<section id=\"home_slider\" data-aos=\"fade-up\">\n\t<div class=\"slides\"><div class=\"slide L\u00faca\"><div class=\"image\"><img decoding=\"async\" src=\"https:\/\/gavra.be\/wp-content\/uploads\/2024\/10\/Luca-Meno-3-scaled.jpg\" alt=\"Lu\u0301ca Meno (3)\"><\/div><div class=\"container\"><div class=\"content\"><h2>Des carrelages intemporels et empreints d\u2019\u00e9l\u00e9gance<\/h2><a class=\"button\" href=\"https:\/\/gavra.be\/fr\/luca\/\">D\u00e9couvrez L\u00faca<\/a><\/div><div class=\"logo\"><img decoding=\"async\" src=\"https:\/\/gavra.be\/wp-content\/uploads\/2024\/09\/logo_luca.png\" alt=\"logo_luca\"><\/div><\/div><\/div><div class=\"slide CERATONE\"><div class=\"image\"><img decoding=\"async\" src=\"https:\/\/gavra.be\/wp-content\/uploads\/2024\/10\/amb06_Spike-Bars-Royal-Green-1-scaled-e1729590688443.jpg\" alt=\"amb06_Spike Bars Royal Green (1)\"><\/div><div class=\"container\"><div class=\"content\"><h2>Des carrelages modernes pour un rendu accrocheur<\/h2><a class=\"button\" href=\"https:\/\/gavra.be\/fr\/ceratone\/\">D\u00e9couvrez CERATONE<\/a><\/div><div class=\"logo\"><img decoding=\"async\" src=\"https:\/\/gavra.be\/wp-content\/uploads\/2024\/09\/Ceratone_wit.png\" alt=\"Ceratone_wit\"><\/div><\/div><\/div><div class=\"slide Standaard\"><div class=\"image\"><img decoding=\"async\" src=\"https:\/\/gavra.be\/wp-content\/uploads\/2024\/11\/MG_0162-1-scaled.jpg\" alt=\"_MG_0162 (1)\"><\/div><div class=\"container\"><div class=\"content\"><h2>Visualisez, comparez et choisissez votre carrelage pr\u00e9f\u00e9r\u00e9<\/h2><a class=\"button\" href=\"https:\/\/gavra.be\/fr\/points-de-vente\/\">Trouvez votre point de vente<\/a><\/div><\/div><\/div><div class=\"slide Standaard\"><div class=\"image\"><img decoding=\"async\" src=\"https:\/\/gavra.be\/wp-content\/uploads\/2024\/10\/Home-Partner-banner-Over-ons-interieur-van-je-dromen-scaled.jpg\" alt=\"Home Partner banner + Over ons interieur van je dromen\"><\/div><div class=\"container\"><div class=\"content\"><h2>Devenir partenaire de Gavra\u2009?<\/h2><a class=\"button\" href=\"https:\/\/gavra.be\/fr\/professionals\/\">Devenez revendeur<\/a><\/div><\/div><\/div><\/div><\/section>\n\n<section id=\"intro\" class=\"container\" data-aos=\"fade-up\">\n\t<div class=\"title\" data-aos=\"fade-right\">\n\t\t<h1>Des carrelages qui r\u00e9inventent chaque espace<\/h1>\n\t<\/div>\n\t<div class=\"content\" data-aos=\"fade-left\">\n\t\t<p>La couleur, le motif et la texture des carrelages offrent une infinit\u00e9 de possibilit\u00e9s pour transformer chaque pi\u00e8ce de votre int\u00e9rieur. Du charme rustique \u00e0 l\u2019\u00e9l\u00e9gance moderne, de plus abordable au plus exclusif, Gavra propose des carrelages adapt\u00e9s \u00e0 tous les styles, pour l\u2019int\u00e9rieur comme pour l\u2019ext\u00e9rieur.<\/p>\n\t<\/div>\n<\/section>\n\n\n\t<section id=\"image_text_overlap\" class=\"container\" data-aos=\"fade-up\">\n\t<div class=\"title\" data-aos=\"fade-up\">\n\t\t<h2>Des soucis en moins pour les professionnels<\/h2>\n\t<\/div>\n\t<div class=\"overlap\">\n\t\t<div class=\"image\" data-aos=\"fade-right\">\n\t\t\t<img decoding=\"async\" src=\"https:\/\/gavra.be\/wp-content\/uploads\/2024\/09\/Ontzorgen-homepage.jpg\" alt=\"Ontzorgen-homepage\">\t\t<\/div>\n\t\t<div class=\"content\" data-aos=\"fade-left\">\n\t\t\t<p>Que vous soyez vendeur de carrelage, architecte d\u2019int\u00e9rieur, promoteur immobilier, architecte ou cuisiniste, vous cherchez un partenaire capable de sublimer vos projets. Gavra vous d\u00e9charge de tous vos soucis gr\u00e2ce \u00e0 son expertise, \u00e0 ses conseils personnalis\u00e9s et \u00e0 un vaste stock de carrelages. De l\u2019inspiration initiale \u00e0 la r\u00e9alisation finale, nous nous tenons \u00e0 votre disposition pour concr\u00e9tiser votre vision.<\/p>\n<a class=\"button\" href=\"https:\/\/gavra.be\/fr\/over-ons\/\">En savoir plus sur Gavra<\/a>\t\t<\/div>\n\t<\/div>\n<\/section>\n\n\n<div class=\"wp-block-media-text has-media-on-the-right is-stacked-on-mobile is-image-fill-element\"><div class=\"wp-block-media-text__content\">\n<h2 class=\"wp-block-heading\"><strong>Devenir distributeur\u2009?<\/strong><\/h2>\n\n\n\n<p>Les revendeurs de carrelage Gavra proposent bien plus que des produits\u2009; ils incarnent la qualit\u00e9, l\u2019expertise et le raffinement. Ils inspirent \u00e0 mettre en \u0153uvre les carrelages les plus \u00e9l\u00e9gants. Lorsque vous devenez distributeur, nous vous fournissons tous les \u00e9chantillons, l\u2019accompagnement et les conseils dont vous avez besoin.<\/p>\n\n\n\n<div class=\"wp-block-buttons is-layout-flex wp-block-buttons-is-layout-flex\">\n<div class=\"wp-block-button\"><a class=\"wp-block-button__link wp-element-button\" href=\"https:\/\/gavra.be\/fr\/professionals\/\">Devenir revendeur<\/a><\/div>\n<\/div>\n<\/div><figure class=\"wp-block-media-text__media\"><img decoding=\"async\" width=\"724\" height=\"1024\" src=\"https:\/\/gavra.be\/wp-content\/uploads\/2024\/09\/Tegelverdeler-worden-724x1024.jpg\" alt=\"\" class=\"wp-image-413 size-full\" style=\"object-position:50% 50%\" srcset=\"https:\/\/gavra.be\/wp-content\/uploads\/2024\/09\/Tegelverdeler-worden-724x1024.jpg 724w, https:\/\/gavra.be\/wp-content\/uploads\/2024\/09\/Tegelverdeler-worden-212x300.jpg 212w, https:\/\/gavra.be\/wp-content\/uploads\/2024\/09\/Tegelverdeler-worden-768x1086.jpg 768w, https:\/\/gavra.be\/wp-content\/uploads\/2024\/09\/Tegelverdeler-worden-1086x1536.jpg 1086w, https:\/\/gavra.be\/wp-content\/uploads\/2024\/09\/Tegelverdeler-worden-1448x2048.jpg 1448w, https:\/\/gavra.be\/wp-content\/uploads\/2024\/09\/Tegelverdeler-worden.jpg 1500w\" sizes=\"(max-width: 724px) 100vw, 724px\" \/><\/figure><\/div>\n\n\n\n\t\t\t<section id=\"image_text_bg\" data-aos=\"fade-up\" class=\"container CERATONE\">\n\t\t<div class=\"overlap\">\n\t\t\t\t\t<div class=\"image\" data-aos=\"fade-right\">\n\t\t\t\t\t<img decoding=\"async\" src=\"https:\/\/gavra.be\/wp-content\/uploads\/2024\/09\/Sfeerbeeld-CERATONE-1.jpg\" alt=\"Sfeerbeeld-CERATONE-1\"><div class=\"logo\"><img decoding=\"async\" src=\"https:\/\/gavra.be\/wp-content\/uploads\/2024\/09\/Ceratone_wit.png\" alt=\"Ceratone_wit\"><\/div>\t\t<\/div>\n\t\t\t\t\t<div class=\"content\" data-aos=\"fade-left\">\n\t\t\t\t\t<h2>Des carrelages en c\u00e9ramique modernes pour votre int\u00e9rieur<\/h2>\n<p>Des carrelages vibrants aux couleurs vives, pour un int\u00e9rieur parfaitement dans l\u2019air du temps. Laissez-vous s\u00e9duire par notre collection de carrelages \u00e0 prix abordable\u2009!<\/p>\n<a class=\"button\" href=\"https:\/\/gavra.be\/fr\/ceratone\/\">D\u00e9couvrez CERATONE<\/a>\t\t<\/di>\n\t<\/div>\n<\/section>\n\n\n\t\t\t<section id=\"image_text_bg\" data-aos=\"fade-up\" class=\"container inverse onder L\u00faca\">\n\t\t<div class=\"overlap\">\n\t\t\t\t\t<div class=\"image\" data-aos=\"fade-left\">\n\t\t\t\t\t<img decoding=\"async\" src=\"https:\/\/gavra.be\/wp-content\/uploads\/2024\/09\/Luca-Avalon.jpg\" alt=\"Lu\u0301ca-Avalon\"><div class=\"logo\"><img decoding=\"async\" src=\"https:\/\/gavra.be\/wp-content\/uploads\/2024\/09\/logo_luca.png\" alt=\"logo_luca\"><\/div>\t\t<\/div>\n\t\t\t\t\t<div class=\"content\" data-aos=\"fade-right\">\n\t\t\t\t\t<h2>L\u2019\u00e9l\u00e9gance intemporelle et la qualit\u00e9 ultime<\/h2>\n<p>Une collection luxueuse de carrelages en c\u00e9ramique au design intemporel. Optez pour ces produits s\u00e9lectionn\u00e9s avec soin pour cr\u00e9er un int\u00e9rieur des plus raffin\u00e9s et des plus \u00e9l\u00e9gants\u2009!<\/p>\n<a class=\"button\" href=\"https:\/\/gavra.be\/fr\/luca\/\">D\u00e9couvrez L\u00faca<\/a>\t\t<\/di>\n\t<\/div>\n<\/section>\n\n\n<section id=\"inspiratie_items\" data-aos=\"fade-up\">\n\t<div class=\"inleiding\">\n\t\t<div class=\"title\" data-aos=\"fade-right\">\n\t\t\t<h2>Inspiration<\/h2>\t\t<\/div>\n\t\t<div class=\"knop\" data-aos=\"fade-left\">\n\t\t\t<a class=\"button\" href=\"https:\/\/gavra.be\/fr\/inspiration\/\">Toutes nos inspirations<\/a>\t\t<\/div>\n\t<\/div>\n\t<div class=\"items\">\n\t\t<div class=\"item\" data-aos=\"fade-up\"><a class=\"fullLink\" href=\"https:\/\/gavra.be\/fr\/inspiration\/luca-matera\"><\/a><div class=\"image\"><img decoding=\"async\" src=\"https:\/\/gavra.be\/wp-content\/uploads\/2026\/02\/Ek_Magazine25_In_Out_Pietraviva_Ivory_HR_COVER-724x1024.jpg\" alt=\"\u00c9quilibre entre lumi\u00e8re et mati\u00e8re\"><\/div><div class=\"content\"><h3>\u00c9quilibre entre lumi\u00e8re et mati\u00e8re<\/h3><p><!-- wp:paragraph --><\/p>\n<p>L\u00faca Matera\u00a0a \u00e9t\u00e9 d\u00e9velopp\u00e9 pour les concepteurs qui regardent au-del\u00e0 de la simple finition. C\u2019est un mat\u00e9riau qui ne se contente pas d\u2019habiller les espaces, mais leur conf\u00e8re du caract\u00e8re. Il capte la lumi\u00e8re, cr\u00e9e de la profondeur et apporte une s\u00e9r\u00e9nit\u00e9 naturelle \u00e0 l\u2019architecture contemporaine.<br \/>\n<!-- \/wp:paragraph --><\/p>\n<\/div><\/div><div class=\"item\" data-aos=\"fade-up\"><a class=\"fullLink\" href=\"https:\/\/gavra.be\/fr\/inspiration\/luca-noma\"><\/a><div class=\"image\"><img decoding=\"async\" src=\"https:\/\/gavra.be\/wp-content\/uploads\/2026\/02\/Norlith_Chequer_cassettone_Sandstone_Beige_Shore_Taupe-1-1024x1024.jpeg\" alt=\"L\u00faca Noma: une s\u00e9r\u00e9nit\u00e9 architecturale en c\u00e9ramique\"><\/div><div class=\"content\"><h3>L\u00faca Noma: une s\u00e9r\u00e9nit\u00e9 architecturale en c\u00e9ramique<\/h3><p>Cette collection laisse s\u2019exprimer les espaces sans les dominer, traduisant l\u2019essence de la roche min\u00e9rale et du b\u00e9ton soyeux en une c\u00e9ramique au rendu doux, presque poudreux, qui r\u00e9agit subtilement \u00e0 la lumi\u00e8re.<\/p>\n<\/div><\/div><div class=\"item\" data-aos=\"fade-up\"><a class=\"fullLink\" href=\"https:\/\/gavra.be\/fr\/inspiration\/sensicolore\"><\/a><div class=\"image\"><img decoding=\"async\" src=\"https:\/\/gavra.be\/wp-content\/uploads\/2026\/01\/SensiColore_8-1024x1024.jpg\" alt=\"SensiColore : un voyage po\u00e9tique \u00e0 travers la couleur et la mati\u00e8re\"><\/div><div class=\"content\"><h3>SensiColore : un voyage po\u00e9tique \u00e0 travers la couleur et la mati\u00e8re<\/h3><p>Avec SensiColore, Florim red\u00e9finit la couleur au sein des surfaces c\u00e9ramiques. Pour les architectes et les d\u00e9corateurs d&rsquo;int\u00e9rieur, la couleur n&rsquo;est plus ici une simple finition, mais un v\u00e9ritable instrument spatial. Subtile, raffin\u00e9e et parfaitement ma\u00eetrisable : SensiColore propose une palette qui apporte \u00e0 la fois s\u00e9r\u00e9nit\u00e9 et caract\u00e8re.<\/p>\n<\/div><\/div>\t<\/div>\n<\/section>\n\n\n\t<section id=\"text_image_bg\" data-aos=\"fade-up\" class=\"Gavra_Donkergroen\">\n\t<div class=\"container\">\n\t\t\t\t\t\t<div class=\"image\" data-aos=\"fade-right\">\n\t\t\t\t\t\t<img decoding=\"async\" src=\"https:\/\/gavra.be\/wp-content\/uploads\/2024\/11\/MG_0162-1-scaled.jpg\" alt=\"_MG_0162 (1)\">\t\t<\/div>\n\t\t\t<div class=\"content\" data-aos=\"fade-left\">\n\t\t\t\t<h2>Trouvez un point de vente pr\u00e8s de chez vous<\/h2>\n<p>Outre notre showroom \u00e0 Geel, nos carrelages sont \u00e9galement disponibles dans de nombreux points de vente. Rendez-vous dans l\u2019un deux pour visualiser, toucher et faire l\u2019exp\u00e9rience de nos produits. Laissez-vous inspirer par les derni\u00e8res tendances et possibilit\u00e9s pour votre projet\u2009!<\/p>\n<a class=\"button\" href=\"https:\/\/gavra.be\/fr\/points-de-vente\/\">Trouver votre point de vente<\/a><a class=\"button\" data-appointlet-organization=\"afspraak-toonzaal-gavra\">Showroom Geel<\/a><script src=\"https:\/\/www.appointletcdn.com\/loader\/loader.min.js\" async=\"\" defer=\"\"><\/script>\t\t<\/div>\n\t<\/div>\n<\/section>\n\n\n<section id=\"brochure\" class=\"Standaard\" data-aos=\"fade-up\">\n\t<div class=\"image\" data-aos=\"fade-right\">\n\t\t<img decoding=\"async\" src=\"https:\/\/gavra.be\/wp-content\/uploads\/2024\/09\/Catalogus-L-C-1-e1726655885224.jpg\" alt=\"Catalogus-L-&#038;-C\">\t<\/div>\n\t<div class=\"form\" data-aos=\"fade-left\">\n\t\t<div class=\"frm_forms  with_frm_style frm_style_formidable-style\" id=\"frm_form_8_container\" data-token=\"634fb7f47c4e76a9dbf0abcf3098f366\">\n<form enctype=\"multipart\/form-data\" method=\"post\" class=\"frm-show-form  frm_pro_form \" id=\"form_outdoor-catalogus2\" data-token=\"634fb7f47c4e76a9dbf0abcf3098f366\">\n<div class=\"frm_form_fields \">\n<fieldset>\n<legend class=\"frm_screen_reader\">Outdoor catalogus<\/legend>\r\n\r\n<div class=\"frm_fields_container\">\n<input type=\"hidden\" name=\"frm_action\" value=\"create\" \/>\n<input type=\"hidden\" name=\"form_id\" value=\"8\" \/>\n<input type=\"hidden\" name=\"frm_hide_fields_8\" id=\"frm_hide_fields_8\" value=\"\" \/>\n<input type=\"hidden\" name=\"form_key\" value=\"outdoor-catalogus2\" \/>\n<input type=\"hidden\" name=\"item_meta[0]\" value=\"\" \/>\n<input type=\"hidden\" id=\"frm_submit_entry_8\" name=\"frm_submit_entry_8\" value=\"1581d7d3eb\" \/><input type=\"hidden\" name=\"_wp_http_referer\" value=\"\/fr\/wp-json\/wp\/v2\/pages\/1049\" \/><div id=\"frm_field_50_container\" class=\"frm_form_field  frm_html_container form-field\">\n<h2><b>Cr\u00e9ez votre terrasse d\u2019exception<\/b><\/h2>\n<p><span style=\"font-weight: 400;\">Am\u00e9nagez une terrasse qui s\u2019inscrit dans le prolongement de votre maison. Nos carrelages raffin\u00e9s en c\u00e9ramique sublimeront \u00e0 merveille votre int\u00e9rieur. T\u00e9l\u00e9chargez notre brochure d\u2019ext\u00e9rieur pour trouver l\u2019inspiration.<\/span><\/p>\n<\/div>\n<div id=\"frm_field_51_container\" class=\"frm_form_field form-field  frm_required_field frm_top_container\">\r\n\t<label for=\"field_ax58w5\" id=\"field_ax58w5_label\" class=\"frm_primary_label\">Pr\u00e9nom\r\n\t\t<span class=\"frm_required\" aria-hidden=\"true\">*<\/span>\r\n\t<\/label>\r\n\t<input  type=\"text\" id=\"field_ax58w5\" name=\"item_meta[51]\" value=\"\"  data-reqmsg=\"Pr\u00e9nom mag niet leeg zijn.\" aria-required=\"true\" data-invmsg=\"Pr\u00e9nom is ongeldig\" aria-invalid=\"false\"   \/>\r\n\t\r\n\t\r\n<\/div>\n<div id=\"frm_field_52_container\" class=\"frm_form_field form-field  frm_required_field frm_top_container\">\r\n\t<label for=\"field_6en0o5\" id=\"field_6en0o5_label\" class=\"frm_primary_label\">Nom\r\n\t\t<span class=\"frm_required\" aria-hidden=\"true\">*<\/span>\r\n\t<\/label>\r\n\t<input  type=\"text\" id=\"field_6en0o5\" name=\"item_meta[52]\" value=\"\"  data-reqmsg=\"Nom mag niet leeg zijn.\" aria-required=\"true\" data-invmsg=\"Nom is ongeldig\" aria-invalid=\"false\"   \/>\r\n\t\r\n\t\r\n<\/div>\n<div id=\"frm_field_53_container\" class=\"frm_form_field form-field  frm_required_field frm_top_container\">\r\n\t<label for=\"field_swejp5\" id=\"field_swejp5_label\" class=\"frm_primary_label\">E-mail\r\n\t\t<span class=\"frm_required\" aria-hidden=\"true\">*<\/span>\r\n\t<\/label>\r\n\t<input type=\"email\" id=\"field_swejp5\" name=\"item_meta[53]\" value=\"\"  autocomplete=\"email\"  data-reqmsg=\"E-mail mag niet leeg zijn.\" aria-required=\"true\" data-invmsg=\"E-mail is ongeldig\" aria-invalid=\"false\"  \/>\r\n\t\r\n\t\r\n<\/div>\n<div id=\"frm_field_54_container\" class=\"frm_form_field form-field  frm_required_field frm_none_container vertical_radio\">\r\n\t<div  id=\"field_btiph5_label\" class=\"frm_primary_label\">RGPD\r\n\t\t<span class=\"frm_required\" aria-hidden=\"true\">*<\/span>\r\n\t<\/div>\r\n\t<div class=\"frm_opt_container\" aria-labelledby=\"field_btiph5_label\" role=\"group\">\t\t<div class=\"frm_checkbox\" id=\"frm_checkbox_54-0\">\t\t\t<label  for=\"field_btiph5-0\">\n\t\t\t<input type=\"checkbox\" name=\"item_meta[54][]\" id=\"field_btiph5-0\" value=\"J&#039;accepte &lt;a href=&quot;https:\/\/gavra.be\/fr\/conditions-generales\/&quot;&gt;les conditions&lt;\/a&gt;\"  data-reqmsg=\"RGPD mag niet leeg zijn.\" data-invmsg=\"RGPD est non valide\"   aria-required=\"true\"  \/> J&rsquo;accepte <a href=\"https:\/\/gavra.be\/fr\/conditions-generales\/\">les conditions<\/a><\/label><\/div>\n<\/div>\r\n\t\r\n\t\r\n<\/div>\n<div id=\"frm_field_55_container\" class=\"frm_form_field form-field \">\r\n\t<div class=\"frm_submit frm_flex\">\r\n<button class=\"frm_button_submit frm_final_submit\" type=\"submit\"   formnovalidate=\"formnovalidate\">T\u00e9l\u00e9chargez<\/button>\r\n\r\n\r\n\r\n<\/div>\r\n<\/div>\n<div id=\"frm_field_71_container\" class=\"frm_form_field form-field  frm_none_container\">\r\n\t<label for=\"g-recaptcha-response\" id=\"field_b2mq7_label\" class=\"frm_primary_label\">Captcha\r\n\t\t<span class=\"frm_required\" aria-hidden=\"true\"><\/span>\r\n\t<\/label>\r\n\t<div  id=\"field_b2mq7\" class=\"frm-g-recaptcha\" data-sitekey=\"6LdkwmoqAAAAAPUklD5_iKpjtEgrujXWrV83uMbT\" data-size=\"invisible\" data-theme=\"light\"><\/div>\r\n\t\r\n\t\r\n<\/div>\n\t<input type=\"hidden\" name=\"item_key\" value=\"\" \/>\n\t\t\t<div id=\"frm_field_90_container\">\n\t\t\t<label for=\"field_xvmpz\" >\n\t\t\t\tSi vous \u00eates un humain, ne remplissez pas ce champ.\t\t\t<\/label>\n\t\t\t<input  id=\"field_xvmpz\" type=\"text\" class=\"frm_form_field form-field frm_verify\" name=\"item_meta[90]\" value=\"\"  \/>\n\t\t<\/div>\n\t\t<input name=\"frm_state\" type=\"hidden\" value=\"SdnGHhP989Dcm0AN9hyHt6nm6r6Dap5Y9H5k+\/BVQKkDmovTLbRzSbvV3aAGIz9I\" \/><\/div>\n<\/fieldset>\n<\/div>\n\n<\/form>\n<\/div>\n\t<\/div>\n<\/section>","protected":false},"excerpt":{"rendered":"","protected":false},"author":1,"featured_media":0,"parent":0,"menu_order":0,"comment_status":"closed","ping_status":"closed","template":"","meta":{"_acf_changed":false,"footnotes":""},"class_list":["post-1049","page","type-page","status-publish","hentry"],"acf":[],"yoast_head":"<!-- This site is optimized with the Yoast SEO plugin v27.5 - https:\/\/yoast.com\/product\/yoast-seo-wordpress\/ -->\n<title>Home - FR - Gavra<\/title>\n<meta name=\"robots\" content=\"index, follow, max-snippet:-1, max-image-preview:large, max-video-preview:-1\" \/>\n<link rel=\"canonical\" href=\"https:\/\/gavra.be\/fr\" \/>\n<meta property=\"og:locale\" content=\"fr_FR\" \/>\n<meta property=\"og:type\" content=\"article\" \/>\n<meta property=\"og:title\" content=\"Home - FR - Gavra\" \/>\n<meta property=\"og:url\" content=\"https:\/\/gavra.be\/fr\" \/>\n<meta property=\"og:site_name\" content=\"Gavra\" \/>\n<meta property=\"article:modified_time\" content=\"2024-11-15T22:17:52+00:00\" \/>\n<meta property=\"og:image\" content=\"https:\/\/gavra.be\/wp-content\/uploads\/2024\/09\/Tegelverdeler-worden-724x1024.jpg\" \/>\n<meta name=\"twitter:card\" content=\"summary_large_image\" \/>\n<meta name=\"twitter:label1\" content=\"Dur\u00e9e de lecture estim\u00e9e\" \/>\n\t<meta name=\"twitter:data1\" content=\"1 minute\" \/>\n<script type=\"application\/ld+json\" class=\"yoast-schema-graph\">{\"@context\":\"https:\\\/\\\/schema.org\",\"@graph\":[{\"@type\":\"WebPage\",\"@id\":\"https:\\\/\\\/gavra.be\\\/fr\",\"url\":\"https:\\\/\\\/gavra.be\\\/fr\",\"name\":\"Home - FR - Gavra\",\"isPartOf\":{\"@id\":\"https:\\\/\\\/gavra.be\\\/fr#website\"},\"primaryImageOfPage\":{\"@id\":\"https:\\\/\\\/gavra.be\\\/fr#primaryimage\"},\"image\":{\"@id\":\"https:\\\/\\\/gavra.be\\\/fr#primaryimage\"},\"thumbnailUrl\":\"https:\\\/\\\/gavra.be\\\/wp-content\\\/uploads\\\/2024\\\/09\\\/Tegelverdeler-worden-724x1024.jpg\",\"datePublished\":\"2024-09-09T12:11:01+00:00\",\"dateModified\":\"2024-11-15T22:17:52+00:00\",\"breadcrumb\":{\"@id\":\"https:\\\/\\\/gavra.be\\\/fr#breadcrumb\"},\"inLanguage\":\"fr-FR\",\"potentialAction\":[{\"@type\":\"ReadAction\",\"target\":[\"https:\\\/\\\/gavra.be\\\/fr\"]}]},{\"@type\":\"ImageObject\",\"inLanguage\":\"fr-FR\",\"@id\":\"https:\\\/\\\/gavra.be\\\/fr#primaryimage\",\"url\":\"https:\\\/\\\/gavra.be\\\/wp-content\\\/uploads\\\/2024\\\/09\\\/Tegelverdeler-worden-724x1024.jpg\",\"contentUrl\":\"https:\\\/\\\/gavra.be\\\/wp-content\\\/uploads\\\/2024\\\/09\\\/Tegelverdeler-worden-724x1024.jpg\"},{\"@type\":\"BreadcrumbList\",\"@id\":\"https:\\\/\\\/gavra.be\\\/fr#breadcrumb\",\"itemListElement\":[{\"@type\":\"ListItem\",\"position\":1,\"name\":\"Home\",\"item\":\"https:\\\/\\\/gavra.be\\\/fr\"},{\"@type\":\"ListItem\",\"position\":2,\"name\":\"Home &#8211; FR\"}]},{\"@type\":\"WebSite\",\"@id\":\"https:\\\/\\\/gavra.be\\\/fr#website\",\"url\":\"https:\\\/\\\/gavra.be\\\/fr\",\"name\":\"Gavra\",\"description\":\"\",\"potentialAction\":[{\"@type\":\"SearchAction\",\"target\":{\"@type\":\"EntryPoint\",\"urlTemplate\":\"https:\\\/\\\/gavra.be\\\/fr?s={search_term_string}\"},\"query-input\":{\"@type\":\"PropertyValueSpecification\",\"valueRequired\":true,\"valueName\":\"search_term_string\"}}],\"inLanguage\":\"fr-FR\"}]}<\/script>\n<!-- \/ Yoast SEO plugin. -->","yoast_head_json":{"title":"Home - FR - Gavra","robots":{"index":"index","follow":"follow","max-snippet":"max-snippet:-1","max-image-preview":"max-image-preview:large","max-video-preview":"max-video-preview:-1"},"canonical":"https:\/\/gavra.be\/fr","og_locale":"fr_FR","og_type":"article","og_title":"Home - FR - Gavra","og_url":"https:\/\/gavra.be\/fr","og_site_name":"Gavra","article_modified_time":"2024-11-15T22:17:52+00:00","og_image":[{"url":"https:\/\/gavra.be\/wp-content\/uploads\/2024\/09\/Tegelverdeler-worden-724x1024.jpg","type":"","width":"","height":""}],"twitter_card":"summary_large_image","twitter_misc":{"Dur\u00e9e de lecture estim\u00e9e":"1 minute"},"schema":{"@context":"https:\/\/schema.org","@graph":[{"@type":"WebPage","@id":"https:\/\/gavra.be\/fr","url":"https:\/\/gavra.be\/fr","name":"Home - FR - Gavra","isPartOf":{"@id":"https:\/\/gavra.be\/fr#website"},"primaryImageOfPage":{"@id":"https:\/\/gavra.be\/fr#primaryimage"},"image":{"@id":"https:\/\/gavra.be\/fr#primaryimage"},"thumbnailUrl":"https:\/\/gavra.be\/wp-content\/uploads\/2024\/09\/Tegelverdeler-worden-724x1024.jpg","datePublished":"2024-09-09T12:11:01+00:00","dateModified":"2024-11-15T22:17:52+00:00","breadcrumb":{"@id":"https:\/\/gavra.be\/fr#breadcrumb"},"inLanguage":"fr-FR","potentialAction":[{"@type":"ReadAction","target":["https:\/\/gavra.be\/fr"]}]},{"@type":"ImageObject","inLanguage":"fr-FR","@id":"https:\/\/gavra.be\/fr#primaryimage","url":"https:\/\/gavra.be\/wp-content\/uploads\/2024\/09\/Tegelverdeler-worden-724x1024.jpg","contentUrl":"https:\/\/gavra.be\/wp-content\/uploads\/2024\/09\/Tegelverdeler-worden-724x1024.jpg"},{"@type":"BreadcrumbList","@id":"https:\/\/gavra.be\/fr#breadcrumb","itemListElement":[{"@type":"ListItem","position":1,"name":"Home","item":"https:\/\/gavra.be\/fr"},{"@type":"ListItem","position":2,"name":"Home &#8211; FR"}]},{"@type":"WebSite","@id":"https:\/\/gavra.be\/fr#website","url":"https:\/\/gavra.be\/fr","name":"Gavra","description":"","potentialAction":[{"@type":"SearchAction","target":{"@type":"EntryPoint","urlTemplate":"https:\/\/gavra.be\/fr?s={search_term_string}"},"query-input":{"@type":"PropertyValueSpecification","valueRequired":true,"valueName":"search_term_string"}}],"inLanguage":"fr-FR"}]}},"_links":{"self":[{"href":"https:\/\/gavra.be\/fr\/wp-json\/wp\/v2\/pages\/1049","targetHints":{"allow":["GET"]}}],"collection":[{"href":"https:\/\/gavra.be\/fr\/wp-json\/wp\/v2\/pages"}],"about":[{"href":"https:\/\/gavra.be\/fr\/wp-json\/wp\/v2\/types\/page"}],"author":[{"embeddable":true,"href":"https:\/\/gavra.be\/fr\/wp-json\/wp\/v2\/users\/1"}],"replies":[{"embeddable":true,"href":"https:\/\/gavra.be\/fr\/wp-json\/wp\/v2\/comments?post=1049"}],"version-history":[{"count":5,"href":"https:\/\/gavra.be\/fr\/wp-json\/wp\/v2\/pages\/1049\/revisions"}],"predecessor-version":[{"id":1538,"href":"https:\/\/gavra.be\/fr\/wp-json\/wp\/v2\/pages\/1049\/revisions\/1538"}],"wp:attachment":[{"href":"https:\/\/gavra.be\/fr\/wp-json\/wp\/v2\/media?parent=1049"}],"curies":[{"name":"wp","href":"https:\/\/api.w.org\/{rel}","templated":true}]}}