{"id":1110,"date":"2024-10-01T13:51:08","date_gmt":"2024-10-01T11:51:08","guid":{"rendered":"https:\/\/gavra.be\/professionals\/"},"modified":"2024-10-17T15:00:33","modified_gmt":"2024-10-17T13:00:33","slug":"professionels","status":"publish","type":"page","link":"https:\/\/gavra.be\/fr\/professionels","title":{"rendered":"Professionels"},"content":{"rendered":"<section id=\"columnns\" data-aos=\"fade-up\">\n\t<div class=\"container\">\n\t\t<div class=\"column_1\"><h1 data-aos=\"fade-up\">Partenaires professionnels de Gavra<\/h1><div class=\"column\" data-aos=\"fade-up\"><p>Nous collaborons avec un large r\u00e9seau de professionnels passionn\u00e9s. En tant que partenaire de Gavra, vous profitez d\u2019un large choix de carrelages en c\u00e9ramique, de carrelages muraux et de carreaux XXL haut de gamme. Le tout \u00e0 un rapport qualit\u00e9\/prix d\u2019exception.<\/p>\n<p>Notre showroom est une v\u00e9ritable source d\u2019inspiration. La disposition des carrelages vous aide \u00e0 visualiser leur rendu dans votre maison ou celle de votre client. Nos experts r\u00e9pondent \u00e0 toutes vos questions d\u2019ordre pratique et esth\u00e9tique afin que vous puissiez faire un choix \u00e9clair\u00e9. Pour un r\u00e9sultat du plus bel effet. <\/p>\n<\/div><\/div>\t<\/div>\n<\/section>\n\n<section id=\"subpaginas\" data-aos=\"fade-up\">\n\t<div class=\"container\">\n\t\t<div class=\"items\"><div class=\"item\" data-aos=\"fade-up\"><img decoding=\"async\" src=\"https:\/\/gavra.be\/wp-content\/uploads\/2024\/10\/Tegelhandelaren-1024x682.jpg\" alt=\"Marchands de carrelages\"><h2>Marchands de carrelages<\/h2><p>Il est indispensable \u00e0 nos yeux de collaborer \u00e9troitement avec des marchands de carrelages et de mat\u00e9riaux de construction. Les distributeurs peuvent compter sur un g\u00e9n\u00e9reux stock de carrelages, de profil\u00e9s et d\u2019accessoires de qualit\u00e9 sup\u00e9rieure. Vous avez, en outre, acc\u00e8s \u00e0 un portail num\u00e9rique d\u00e9di\u00e9 \u00e0 nos partenaires, \u00e0 d\u2019incroyables promotions et \u00e0 des pr\u00e9sentations de produit \u00e9l\u00e9gantes pour embellir votre showroom.<\/p>\n<\/div><div class=\"item\" data-aos=\"fade-up\"><img decoding=\"async\" src=\"https:\/\/gavra.be\/wp-content\/uploads\/2024\/10\/a65e1e1779ff879966d3e4c53d63d64e-1024x682.jpg\" alt=\"Architectes (d\u2019int\u00e9rieur)\"><h2>Architectes (d\u2019int\u00e9rieur)<\/h2><p>Les architectes (d\u2019int\u00e9rieur) jouent un r\u00f4le cl\u00e9 dans chaque projet, c\u2019est pourquoi nos consultants sont \u00e0 votre disposition. Que vous cherchiez des carrelages artisanaux ou des mod\u00e8les plus techniques, vous trouverez chez Gavra des produits adapt\u00e9s \u00e0 vos envies et \u00e0 tous les budgets. Nos collections sont expos\u00e9es \u00e0 trois endroits uniques\u00a0: le showroom de Geel, Rozetta by Gavra \u00e0 Anvers et Carro Casa by Gavra \u00e0 Bruxelles (Zaventem).<\/p>\n<\/div><div class=\"item\" data-aos=\"fade-up\"><img decoding=\"async\" src=\"https:\/\/gavra.be\/wp-content\/uploads\/2024\/09\/Luca-Detail-724x1024.jpg\" alt=\"Promoteurs immobiliers\"><h2>Promoteurs immobiliers<\/h2><p>Gavra vous garantit un service premium pour tous vos projets de construction. Vous livrez le projet, nous aidons vos clients \u00e0 choisir le carrelage ad\u00e9quat, dans la limite de leur budget. Des logements r\u00e9sidentiels aux projets d\u2019envergure, en passant par les piscines\u00a0: confiez-nous les yeux ferm\u00e9s le choix du carrelage de votre projet.<\/p>\n<\/div><div class=\"item\" data-aos=\"fade-up\"><img decoding=\"async\" src=\"https:\/\/gavra.be\/wp-content\/uploads\/2024\/10\/Interieurbouwers-1024x1024.jpg\" alt=\"D\u00e9corateurs d'int\u00e9rieur\"><h2>D\u00e9corateurs d&rsquo;int\u00e9rieur<\/h2><p><span style=\"font-weight: 400;\">Gavra est le meilleur alli\u00e9 des d\u00e9corateurs d\u2019int\u00e9rieur. Nous vous proposons une offre compl\u00e8te de carrelages de sol, de carrelages muraux et de carreaux XXL en c\u00e9ramique. Entre classiques ind\u00e9modables et tendances du moment, notre collection vous permet de donner vie \u00e0 l\u2019int\u00e9rieur de votre client.<\/span><\/p>\n<\/div><div class=\"item\" data-aos=\"fade-up\"><img decoding=\"async\" src=\"https:\/\/gavra.be\/wp-content\/uploads\/2024\/10\/Keukenbouwers-819x1024.jpg\" alt=\"Cuisinistes\"><h2>Cuisinistes<\/h2><p>Les cuisinistes trouveront chez Gavra tout ce dont ils ont besoin pour proposer des finitions de qualit\u00e9. Nos plans de travail en c\u00e9ramique, r\u00e9sistants aux rayures, aux taches et \u00e0 la d\u00e9coloration, se d\u00e9clinent en diff\u00e9rentes \u00e9paisseurs et dimensions. En compl\u00e9ment, nous proposons des carreaux pour les sols et les murs des cuisines. De quoi conf\u00e9rer style et durabilit\u00e9 \u00e0 chaque pi\u00e8ce.<\/p>\n<\/div><\/div>\t<\/div>\n<\/section>\n\n\n\n<section id=\"accordion\" class=\"Standaard\" data-aos=\"fade-up\">\n\t<div class=\"container\">\n\t\t<div class=\"inleiding\" data-aos=\"fade-up\">\n\t\t\t<h2>Pourquoi choisir Gavra ?<\/h2>\n<p>Nous sommes le sp\u00e9cialiste par excellence des carrelages muraux et de sol en c\u00e9ramique depuis 1932. Nos services vous simplifient consid\u00e9rablement la vie :<\/p>\n\t\t<\/div>\n\t\t<div class=\"accordion\"><div class=\"left\" data-aos=\"fade-right\"><div class=\"faq\" data-img=\"https:\/\/gavra.be\/wp-content\/uploads\/2024\/10\/Professionals-.-Toonaangevende-scaled.jpg\"><h3><span>01<\/span>Expertise pointue<\/h3><div class=\"content\"><p>Nous restons \u00e0 la pointe des tendances et de la qualit\u00e9 gr\u00e2ce \u00e0 nos liens \u00e9troits avec les fabricants et nos passages r\u00e9guliers dans les salons. Nous proposons ainsi toujours les carrelages les plus esth\u00e9tiques et fonctionnels.<\/p>\n<\/div><\/div><div class=\"faq\" data-img=\"https:\/\/gavra.be\/wp-content\/uploads\/2024\/10\/Professionals-efficiente-logistiek.png\"><h3><span>02<\/span>Logistique efficace<\/h3><div class=\"content\"><p>nos livraisons en flux tendu vous garantissent de toujours disposer des bons produits en temps opportun, sans avoir \u00e0 accumuler vous-m\u00eame un stock inutile.<\/p>\n<\/div><\/div><div class=\"faq\" data-img=\"https:\/\/gavra.be\/wp-content\/uploads\/2024\/09\/Professionele-partners-1.jpg\"><h3><span>03<\/span>Suivi de projet complet<\/h3><div class=\"content\"><p>De pr\u00e9sentations inspirantes dans le showroom \u00e0 un suivi complet de A \u00e0 Z. Nos experts chevronn\u00e9s sont \u00e0 vos c\u00f4t\u00e9s pour faire de chacun de vos projets une r\u00e9ussite.<\/p>\n<\/div><\/div><div class=\"faq\" data-img=\"https:\/\/gavra.be\/wp-content\/uploads\/2024\/10\/Digitaal-gemak-2000x1500-px-2.png\"><h3><span>04<\/span>Simplicit\u00e9 num\u00e9rique<\/h3><div class=\"content\"><p>Notre plateforme en ligne d\u00e9di\u00e9e aux revendeurs reprend le catalogue de produits, les prix actuels et les remises. Vous pouvez, par ailleurs, consulter nos stocks en temps r\u00e9el, 24 h\/24, ainsi que les commandes, factures et conditions.<\/p>\n<\/div><\/div><div class=\"faq\" data-img=\"https:\/\/gavra.be\/wp-content\/uploads\/2024\/10\/MG_0162-scaled.jpg\"><h3><span>05<\/span>Promotion cibl\u00e9e<\/h3><div class=\"content\"><p>Nos architectes d\u2019int\u00e9rieur installent du mat\u00e9riel de pr\u00e9sentation et des pr\u00e9sentoirs dans votre showroom ou votre jardin d\u2019exposition. Nous nous chargeons de l\u2019entretien et actualisons la pr\u00e9sentation en cas de changements dans l\u2019assortiment. <\/p>\n<\/div><\/div><\/div><div class=\"right\" data-aos=\"fade-left\"><img decoding=\"async\" src=\"https:\/\/gavra.be\/wp-content\/uploads\/2024\/10\/Professionals-.-Toonaangevende-scaled.jpg\" alt=\"Expertise pointue\"><\/div><\/div>\t<\/div>\n<\/section>\n\n\n\n\n<div class=\"wp-block-columns no-margin has-background is-layout-flex wp-container-core-columns-is-layout-9d6595d7 wp-block-columns-is-layout-flex\" style=\"background-color:#eed8c6\">\n<div class=\"wp-block-column is-layout-flow wp-block-column-is-layout-flow\">\n<div class=\"wp-block-media-text is-stacked-on-mobile is-image-fill\"><figure class=\"wp-block-media-text__media\" style=\"background-image:url(https:\/\/gavra.be\/wp-content\/uploads\/2024\/10\/Professionals-zin-in-een-samenwerking-768x1024.jpg);background-position:50% 50%\"><img decoding=\"async\" width=\"768\" height=\"1024\" src=\"https:\/\/gavra.be\/wp-content\/uploads\/2024\/10\/Professionals-zin-in-een-samenwerking-768x1024.jpg\" alt=\"\" class=\"wp-image-876 size-full\" srcset=\"https:\/\/gavra.be\/wp-content\/uploads\/2024\/10\/Professionals-zin-in-een-samenwerking-768x1024.jpg 768w, https:\/\/gavra.be\/wp-content\/uploads\/2024\/10\/Professionals-zin-in-een-samenwerking-225x300.jpg 225w, https:\/\/gavra.be\/wp-content\/uploads\/2024\/10\/Professionals-zin-in-een-samenwerking-1152x1536.jpg 1152w, https:\/\/gavra.be\/wp-content\/uploads\/2024\/10\/Professionals-zin-in-een-samenwerking-1536x2048.jpg 1536w, https:\/\/gavra.be\/wp-content\/uploads\/2024\/10\/Professionals-zin-in-een-samenwerking-scaled.jpg 1920w\" sizes=\"(max-width: 768px) 100vw, 768px\" \/><\/figure><div class=\"wp-block-media-text__content\">\n<h2 class=\"wp-block-heading\"><strong>Envie de collaborer avec nous\u00a0?<\/strong><\/h2>\n\n\n\n<p>Gavra mise sur des partenariats durables et prosp\u00e8res. Vous avez des questions sur nos services, nos collections, des produits sp\u00e9cifiques ou nos prix\u00a0? Discutons-en. Au plaisir de vous rencontrer\u00a0!<\/p>\n\n\n\n<div class=\"wp-block-buttons is-layout-flex wp-block-buttons-is-layout-flex\">\n<div class=\"wp-block-button\"><a class=\"wp-block-button__link wp-element-button\" href=\"mailto:gunter.bogaert@gavra.be\">Prenez rendez-vous<\/a><\/div>\n<\/div>\n<\/div><\/div>\n<\/div>\n<\/div>\n","protected":false},"excerpt":{"rendered":"<p>Envie de collaborer avec nous\u00a0? Gavra mise sur des partenariats durables et prosp\u00e8res. Vous avez des questions sur nos services, nos collections, des produits sp\u00e9cifiques ou nos prix\u00a0? Discutons-en. Au plaisir de vous rencontrer\u00a0!<\/p>\n","protected":false},"author":1,"featured_media":0,"parent":0,"menu_order":0,"comment_status":"closed","ping_status":"closed","template":"","meta":{"_acf_changed":false,"footnotes":""},"class_list":["post-1110","page","type-page","status-publish","hentry"],"acf":[],"yoast_head":"<!-- This site is optimized with the Yoast SEO plugin v27.4 - https:\/\/yoast.com\/product\/yoast-seo-wordpress\/ -->\n<title>Professionels - Gavra<\/title>\n<meta name=\"robots\" content=\"index, follow, max-snippet:-1, max-image-preview:large, max-video-preview:-1\" \/>\n<link rel=\"canonical\" href=\"https:\/\/gavra.be\/fr\/professionels\" \/>\n<meta property=\"og:locale\" content=\"fr_FR\" \/>\n<meta property=\"og:type\" content=\"article\" \/>\n<meta property=\"og:title\" content=\"Professionels - Gavra\" \/>\n<meta property=\"og:description\" content=\"Envie de collaborer avec nous\u00a0? Gavra mise sur des partenariats durables et prosp\u00e8res. Vous avez des questions sur nos services, nos collections, des produits sp\u00e9cifiques ou nos prix\u00a0? Discutons-en. Au plaisir de vous rencontrer\u00a0!\" \/>\n<meta property=\"og:url\" content=\"https:\/\/gavra.be\/fr\/professionels\" \/>\n<meta property=\"og:site_name\" content=\"Gavra\" \/>\n<meta property=\"article:modified_time\" content=\"2024-10-17T13:00:33+00:00\" \/>\n<meta property=\"og:image\" content=\"https:\/\/gavra.be\/wp-content\/uploads\/2024\/10\/Professionals-zin-in-een-samenwerking-768x1024.jpg\" \/>\n<meta name=\"twitter:card\" content=\"summary_large_image\" \/>\n<meta name=\"twitter:label1\" content=\"Dur\u00e9e de lecture estim\u00e9e\" \/>\n\t<meta name=\"twitter:data1\" content=\"1 minute\" \/>\n<script type=\"application\/ld+json\" class=\"yoast-schema-graph\">{\"@context\":\"https:\\\/\\\/schema.org\",\"@graph\":[{\"@type\":\"WebPage\",\"@id\":\"https:\\\/\\\/gavra.be\\\/fr\\\/professionels\",\"url\":\"https:\\\/\\\/gavra.be\\\/fr\\\/professionels\",\"name\":\"Professionels - Gavra\",\"isPartOf\":{\"@id\":\"https:\\\/\\\/gavra.be\\\/fr#website\"},\"primaryImageOfPage\":{\"@id\":\"https:\\\/\\\/gavra.be\\\/fr\\\/professionels#primaryimage\"},\"image\":{\"@id\":\"https:\\\/\\\/gavra.be\\\/fr\\\/professionels#primaryimage\"},\"thumbnailUrl\":\"https:\\\/\\\/gavra.be\\\/wp-content\\\/uploads\\\/2024\\\/10\\\/Professionals-zin-in-een-samenwerking-768x1024.jpg\",\"datePublished\":\"2024-10-01T11:51:08+00:00\",\"dateModified\":\"2024-10-17T13:00:33+00:00\",\"breadcrumb\":{\"@id\":\"https:\\\/\\\/gavra.be\\\/fr\\\/professionels#breadcrumb\"},\"inLanguage\":\"fr-FR\",\"potentialAction\":[{\"@type\":\"ReadAction\",\"target\":[\"https:\\\/\\\/gavra.be\\\/fr\\\/professionels\"]}]},{\"@type\":\"ImageObject\",\"inLanguage\":\"fr-FR\",\"@id\":\"https:\\\/\\\/gavra.be\\\/fr\\\/professionels#primaryimage\",\"url\":\"https:\\\/\\\/gavra.be\\\/wp-content\\\/uploads\\\/2024\\\/10\\\/Professionals-zin-in-een-samenwerking-768x1024.jpg\",\"contentUrl\":\"https:\\\/\\\/gavra.be\\\/wp-content\\\/uploads\\\/2024\\\/10\\\/Professionals-zin-in-een-samenwerking-768x1024.jpg\"},{\"@type\":\"BreadcrumbList\",\"@id\":\"https:\\\/\\\/gavra.be\\\/fr\\\/professionels#breadcrumb\",\"itemListElement\":[{\"@type\":\"ListItem\",\"position\":1,\"name\":\"Home\",\"item\":\"https:\\\/\\\/gavra.be\\\/fr\"},{\"@type\":\"ListItem\",\"position\":2,\"name\":\"Professionels\"}]},{\"@type\":\"WebSite\",\"@id\":\"https:\\\/\\\/gavra.be\\\/fr#website\",\"url\":\"https:\\\/\\\/gavra.be\\\/fr\",\"name\":\"Gavra\",\"description\":\"\",\"potentialAction\":[{\"@type\":\"SearchAction\",\"target\":{\"@type\":\"EntryPoint\",\"urlTemplate\":\"https:\\\/\\\/gavra.be\\\/fr?s={search_term_string}\"},\"query-input\":{\"@type\":\"PropertyValueSpecification\",\"valueRequired\":true,\"valueName\":\"search_term_string\"}}],\"inLanguage\":\"fr-FR\"}]}<\/script>\n<!-- \/ Yoast SEO plugin. -->","yoast_head_json":{"title":"Professionels - Gavra","robots":{"index":"index","follow":"follow","max-snippet":"max-snippet:-1","max-image-preview":"max-image-preview:large","max-video-preview":"max-video-preview:-1"},"canonical":"https:\/\/gavra.be\/fr\/professionels","og_locale":"fr_FR","og_type":"article","og_title":"Professionels - Gavra","og_description":"Envie de collaborer avec nous\u00a0? Gavra mise sur des partenariats durables et prosp\u00e8res. Vous avez des questions sur nos services, nos collections, des produits sp\u00e9cifiques ou nos prix\u00a0? Discutons-en. Au plaisir de vous rencontrer\u00a0!","og_url":"https:\/\/gavra.be\/fr\/professionels","og_site_name":"Gavra","article_modified_time":"2024-10-17T13:00:33+00:00","og_image":[{"url":"https:\/\/gavra.be\/wp-content\/uploads\/2024\/10\/Professionals-zin-in-een-samenwerking-768x1024.jpg","type":"","width":"","height":""}],"twitter_card":"summary_large_image","twitter_misc":{"Dur\u00e9e de lecture estim\u00e9e":"1 minute"},"schema":{"@context":"https:\/\/schema.org","@graph":[{"@type":"WebPage","@id":"https:\/\/gavra.be\/fr\/professionels","url":"https:\/\/gavra.be\/fr\/professionels","name":"Professionels - Gavra","isPartOf":{"@id":"https:\/\/gavra.be\/fr#website"},"primaryImageOfPage":{"@id":"https:\/\/gavra.be\/fr\/professionels#primaryimage"},"image":{"@id":"https:\/\/gavra.be\/fr\/professionels#primaryimage"},"thumbnailUrl":"https:\/\/gavra.be\/wp-content\/uploads\/2024\/10\/Professionals-zin-in-een-samenwerking-768x1024.jpg","datePublished":"2024-10-01T11:51:08+00:00","dateModified":"2024-10-17T13:00:33+00:00","breadcrumb":{"@id":"https:\/\/gavra.be\/fr\/professionels#breadcrumb"},"inLanguage":"fr-FR","potentialAction":[{"@type":"ReadAction","target":["https:\/\/gavra.be\/fr\/professionels"]}]},{"@type":"ImageObject","inLanguage":"fr-FR","@id":"https:\/\/gavra.be\/fr\/professionels#primaryimage","url":"https:\/\/gavra.be\/wp-content\/uploads\/2024\/10\/Professionals-zin-in-een-samenwerking-768x1024.jpg","contentUrl":"https:\/\/gavra.be\/wp-content\/uploads\/2024\/10\/Professionals-zin-in-een-samenwerking-768x1024.jpg"},{"@type":"BreadcrumbList","@id":"https:\/\/gavra.be\/fr\/professionels#breadcrumb","itemListElement":[{"@type":"ListItem","position":1,"name":"Home","item":"https:\/\/gavra.be\/fr"},{"@type":"ListItem","position":2,"name":"Professionels"}]},{"@type":"WebSite","@id":"https:\/\/gavra.be\/fr#website","url":"https:\/\/gavra.be\/fr","name":"Gavra","description":"","potentialAction":[{"@type":"SearchAction","target":{"@type":"EntryPoint","urlTemplate":"https:\/\/gavra.be\/fr?s={search_term_string}"},"query-input":{"@type":"PropertyValueSpecification","valueRequired":true,"valueName":"search_term_string"}}],"inLanguage":"fr-FR"}]}},"_links":{"self":[{"href":"https:\/\/gavra.be\/fr\/wp-json\/wp\/v2\/pages\/1110","targetHints":{"allow":["GET"]}}],"collection":[{"href":"https:\/\/gavra.be\/fr\/wp-json\/wp\/v2\/pages"}],"about":[{"href":"https:\/\/gavra.be\/fr\/wp-json\/wp\/v2\/types\/page"}],"author":[{"embeddable":true,"href":"https:\/\/gavra.be\/fr\/wp-json\/wp\/v2\/users\/1"}],"replies":[{"embeddable":true,"href":"https:\/\/gavra.be\/fr\/wp-json\/wp\/v2\/comments?post=1110"}],"version-history":[{"count":2,"href":"https:\/\/gavra.be\/fr\/wp-json\/wp\/v2\/pages\/1110\/revisions"}],"predecessor-version":[{"id":1200,"href":"https:\/\/gavra.be\/fr\/wp-json\/wp\/v2\/pages\/1110\/revisions\/1200"}],"wp:attachment":[{"href":"https:\/\/gavra.be\/fr\/wp-json\/wp\/v2\/media?parent=1110"}],"curies":[{"name":"wp","href":"https:\/\/api.w.org\/{rel}","templated":true}]}}